{"id":1065,"date":"2025-01-12T16:17:08","date_gmt":"2025-01-12T16:17:08","guid":{"rendered":"https:\/\/openfields.ro\/environment\/"},"modified":"2025-02-11T17:06:22","modified_gmt":"2025-02-11T17:06:22","slug":"mediu-inconjurator","status":"publish","type":"page","link":"https:\/\/openfields.ro\/ro\/mediu-inconjurator\/","title":{"rendered":"Mediu \u00eenconjur\u0103tor"},"content":{"rendered":"\t\t<div data-elementor-type=\"wp-page\" data-elementor-id=\"1065\" class=\"elementor elementor-1065 elementor-170\">\n\t\t\t\t<div class=\"elementor-element elementor-element-784d8f04 wd-section-stretch e-flex e-con-boxed e-con e-parent\" data-id=\"784d8f04\" data-element_type=\"container\" data-e-type=\"container\">\n\t\t\t\t\t<div class=\"e-con-inner\">\n\t\t<div class=\"elementor-element elementor-element-3dbf5bf7 e-con-full e-flex e-con e-child\" data-id=\"3dbf5bf7\" data-element_type=\"container\" data-e-type=\"container\">\n\t\t<div class=\"elementor-element elementor-element-5039ffe e-con-full e-flex e-con e-child\" data-id=\"5039ffe\" data-element_type=\"container\" data-e-type=\"container\">\n\t\t\t\t<div class=\"elementor-element elementor-element-10a0241e elementor-widget__width-initial elementor-widget elementor-widget-wd_text_block\" data-id=\"10a0241e\" data-element_type=\"widget\" data-e-type=\"widget\" data-widget_type=\"wd_text_block.default\">\n\t\t\t\t<div class=\"elementor-widget-container\">\n\t\t\t\t\t\t\t<div class=\"wd-text-block reset-last-child text-left\">\n\t\t\t\n\t\t\t<p>Protejarea mediului este un atribut nelipsit al proiectelor noastre. Sloganul \u201eGrija pentru oameni \u0219i mediul \u00eenconjur\u0103tor\u201d \u00eembin\u0103 perfect viziunea funda\u021biei noastre \u0219i a partenerilor cu care ne asociem, anume p\u0103strarea unui echilibru \u00eentre activitatea uman\u0103 \u0219i cum afecteaz\u0103 aceasta mediul \u00eenconjur\u0103tor.<\/p><p>Pentru asta, dezvolt\u0103m proiecte sustenabile, prietenoase cu mediul, iar partenerii no\u0219tri sunt instrui\u021bi s\u0103 respecte mediul \u00eenconjur\u0103tor, s\u0103 protejeze resursele naturale, s\u0103 promoveze soiurile \u0219i rasele locale \u00een proiectele noastre de cre\u0219tere a animalelor, iar multe dintre acestea includ activit\u0103\u021bi de re\u00eemp\u0103durire. \u00cen proiectele de dezvoltare sus\u021binem, de asemenea, sechestrarea carbonului, utilizarea \u00eengr\u0103\u0219\u0103mintelor naturale \u00een locul celor chimice, sisteme adecvate de gestionare a de\u0219eurilor \u0219i multe altele.<\/p>\n\t\t\t\t\t<\/div>\n\t\t\t\t\t\t<\/div>\n\t\t\t\t<\/div>\n\t\t\t\t<\/div>\n\t\t<div class=\"elementor-element elementor-element-2c6a5f10 e-con-full e-flex e-con e-child\" data-id=\"2c6a5f10\" data-element_type=\"container\" data-e-type=\"container\" data-settings=\"{&quot;background_background&quot;:&quot;classic&quot;}\">\n\t\t\t\t<div class=\"elementor-element elementor-element-3a718ee6 elementor-widget elementor-widget-wd_image_or_svg\" data-id=\"3a718ee6\" data-element_type=\"widget\" data-e-type=\"widget\" data-widget_type=\"wd_image_or_svg.default\">\n\t\t\t\t<div class=\"elementor-widget-container\">\n\t\t\t\t\t\n\t\t<div class=\"wd-image text-left\">\n\t\t\t\t\t\t\t\t<img fetchpriority=\"high\" decoding=\"async\" width=\"884\" height=\"575\" src=\"https:\/\/openfields.ro\/wp-content\/uploads\/2025\/02\/toamna-in-bucovina.jpg\" class=\"attachment-full size-full\" alt=\"\" srcset=\"https:\/\/openfields.ro\/wp-content\/uploads\/2025\/02\/toamna-in-bucovina.jpg 884w, https:\/\/openfields.ro\/wp-content\/uploads\/2025\/02\/toamna-in-bucovina-300x195.jpg 300w, https:\/\/openfields.ro\/wp-content\/uploads\/2025\/02\/toamna-in-bucovina-768x500.jpg 768w, https:\/\/openfields.ro\/wp-content\/uploads\/2025\/02\/toamna-in-bucovina-600x390.jpg 600w, https:\/\/openfields.ro\/wp-content\/uploads\/2025\/02\/toamna-in-bucovina-150x98.jpg 150w\" sizes=\"(max-width: 884px) 100vw, 884px\" \/>\t\t\t\t\t<\/div>\n\n\t\t\t\t\t\t<\/div>\n\t\t\t\t<\/div>\n\t\t\t\t<div class=\"elementor-element elementor-element-8b68620 elementor-widget elementor-widget-wd_image_or_svg\" data-id=\"8b68620\" data-element_type=\"widget\" data-e-type=\"widget\" data-widget_type=\"wd_image_or_svg.default\">\n\t\t\t\t<div class=\"elementor-widget-container\">\n\t\t\t\t\t\n\t\t<div class=\"wd-image text-left\">\n\t\t\t\t\t\t\t\t<img decoding=\"async\" width=\"884\" height=\"586\" src=\"https:\/\/openfields.ro\/wp-content\/uploads\/2025\/02\/stana-din-barne.jpg\" class=\"attachment-full size-full\" alt=\"\" srcset=\"https:\/\/openfields.ro\/wp-content\/uploads\/2025\/02\/stana-din-barne.jpg 884w, https:\/\/openfields.ro\/wp-content\/uploads\/2025\/02\/stana-din-barne-300x199.jpg 300w, https:\/\/openfields.ro\/wp-content\/uploads\/2025\/02\/stana-din-barne-768x509.jpg 768w, https:\/\/openfields.ro\/wp-content\/uploads\/2025\/02\/stana-din-barne-600x398.jpg 600w, https:\/\/openfields.ro\/wp-content\/uploads\/2025\/02\/stana-din-barne-150x99.jpg 150w\" sizes=\"(max-width: 884px) 100vw, 884px\" \/>\t\t\t\t\t<\/div>\n\n\t\t\t\t\t\t<\/div>\n\t\t\t\t<\/div>\n\t\t\t\t<\/div>\n\t\t\t\t<\/div>\n\t\t<div class=\"elementor-element elementor-element-6c2e8c99 e-con-full e-flex e-con e-child\" data-id=\"6c2e8c99\" data-element_type=\"container\" data-e-type=\"container\">\n\t\t\t\t<div class=\"elementor-element elementor-element-583ce756 wd-width-100 elementor-widget elementor-widget-wd_title\" data-id=\"583ce756\" data-element_type=\"widget\" data-e-type=\"widget\" data-widget_type=\"wd_title.default\">\n\t\t\t\t<div class=\"elementor-widget-container\">\n\t\t\t\t\t\t\t<div class=\"title-wrapper wd-set-mb reset-last-child wd-title-color-default wd-title-style-default wd-title-size-medium text-left\">\n\n\t\t\t\n\t\t\t<div class=\"liner-continer\">\n\t\t\t\t<h4 class=\"woodmart-title-container title wd-fontsize-xl\">Proiecte de protejare a mediului \u00eenconjur\u0103tor derulate de Funda\u021bia Open Fields:<\/h4> \n\t\t\t\t\t\t\t<\/div>\n\n\t\t\t\t\t<\/div>\n\t\t\t\t\t\t<\/div>\n\t\t\t\t<\/div>\n\t\t<div class=\"elementor-element elementor-element-d4670ac e-con-full e-flex e-con e-child\" data-id=\"d4670ac\" data-element_type=\"container\" data-e-type=\"container\">\n\t\t\t\t<div class=\"elementor-element elementor-element-780023d elementor-widget__width-initial elementor-widget-mobile__width-inherit elementor-widget elementor-widget-wd_image_or_svg\" data-id=\"780023d\" data-element_type=\"widget\" data-e-type=\"widget\" data-widget_type=\"wd_image_or_svg.default\">\n\t\t\t\t<div class=\"elementor-widget-container\">\n\t\t\t\t\t\n\t\t<div class=\"wd-image text-left\">\n\t\t\t\t\t\t\t<a  href=\"\/ro\/project\/impreuna-plantam-dezvoltare-si-armonie-in-valea-viilor\/\" aria-label=\"Image link\">\n\t\t\t\t\t\t\t\t<img decoding=\"async\" width=\"806\" height=\"536\" src=\"https:\/\/openfields.ro\/wp-content\/uploads\/2025\/02\/ip_7-editat-1.jpg\" class=\"attachment-full size-full\" alt=\"\" srcset=\"https:\/\/openfields.ro\/wp-content\/uploads\/2025\/02\/ip_7-editat-1.jpg 806w, https:\/\/openfields.ro\/wp-content\/uploads\/2025\/02\/ip_7-editat-1-300x200.jpg 300w, https:\/\/openfields.ro\/wp-content\/uploads\/2025\/02\/ip_7-editat-1-768x511.jpg 768w, https:\/\/openfields.ro\/wp-content\/uploads\/2025\/02\/ip_7-editat-1-600x399.jpg 600w, https:\/\/openfields.ro\/wp-content\/uploads\/2025\/02\/ip_7-editat-1-150x100.jpg 150w\" sizes=\"(max-width: 806px) 100vw, 806px\" \/>\t\t\t\t\t\t\t<\/a>\n\t\t\t\t\t<\/div>\n\n\t\t\t\t\t\t<\/div>\n\t\t\t\t<\/div>\n\t\t\t\t<div class=\"elementor-element elementor-element-5eb3d052 elementor-widget elementor-widget-wd_infobox\" data-id=\"5eb3d052\" data-element_type=\"widget\" data-e-type=\"widget\" data-widget_type=\"wd_infobox.default\">\n\t\t\t\t<div class=\"elementor-widget-container\">\n\t\t\t\t\t\t\t<div class=\"info-box-wrapper\">\n\t\t\t<div class=\"wd-info-box text-left box-icon-align-top box-style-base color-scheme- with-btn box-btn-static\">\n\t\t\t\t\n\t\t\t\t<div class=\"info-box-content\">\n\t\t\t\t\t\n\t\t\t\t\t\t\t\t\t\t\t<h4\t\t\t\t\t\tclass=\"info-box-title title box-title-style-default wd-fontsize-m\" data-elementor-setting-key=\"title\">\n\t\t\t\t\t\t\t\t\u00cempreun\u0103 plant\u0103m dezvoltare \u0219i armonie \u00een Valea Viilor\t\t\t\t\t\t<\/h4>\n\t\t\t\t\t\n\t\t\t\t\t<div class=\"info-box-inner reset-last-child\"data-elementor-setting-key=\"content\"><p>\u00cen comuna Valea Viilor, scopul proiectului nostru a fost ca proiectul nostru s\u0103 aduc\u0103 schimb\u0103ri sistemice prin progres economic \u015fi integrare social\u0103 \u00een beneficiul comunit\u0103\u0163ii de romi, tineri \u015fi persoane vulnerabile. Motiva\u0163ia pentru mobilizarea comunit\u0103\u0163ii un model agricol inovator a fost: plantarea pomilor fructiferi \u015fi cultivarea plantelor de gr\u0103din\u0103. Aceast\u0103 activitate lucrativ\u0103 agrohorticola a atras energia \u00eentregii comunit\u0103\u0163i, \u00een jurul ei fiind dezb\u0103tute, studiate \u015fi ameliorate problemele sociale, economice, de infrastructur\u0103 \u015fi de politici publice.<\/p>\n<\/div>\n\n\t\t\t\t\t\t\t\t\t\t\t<div class=\"info-btn-wrapper\">\n\t\t\t\t\t\t\t\t\t<div class=\"wd-button-wrapper text-left\" >\n\t\t\t<a class=\"btn btn-style-default btn-shape-round btn-size-default btn-color-primary btn-icon-pos-right\"  href=\"\/ro\/project\/impreuna-plantam-dezvoltare-si-armonie-in-valea-viilor\/\">\n\t\t\t\t<span class=\"wd-btn-text\" data-elementor-setting-key=\"text\">\n\t\t\t\t\tVezi detalii\t\t\t\t<\/span>\n\n\t\t\t\t\t\t\t<\/a>\n\t\t<\/div>\n\t\t\t\t\t\t\t\t<\/div>\n\t\t\t\t\t\t\t\t\t<\/div>\n\n\t\t\t\t\t\t\t<\/div>\n\t\t<\/div>\n\t\t\t\t\t\t<\/div>\n\t\t\t\t<\/div>\n\t\t\t\t<\/div>\n\t\t<div class=\"elementor-element elementor-element-8b3c0ff e-con-full e-flex e-con e-child\" data-id=\"8b3c0ff\" data-element_type=\"container\" data-e-type=\"container\">\n\t\t\t\t<div class=\"elementor-element elementor-element-d37b295 elementor-widget__width-initial elementor-widget-mobile__width-inherit elementor-widget elementor-widget-wd_image_or_svg\" data-id=\"d37b295\" data-element_type=\"widget\" data-e-type=\"widget\" data-widget_type=\"wd_image_or_svg.default\">\n\t\t\t\t<div class=\"elementor-widget-container\">\n\t\t\t\t\t\n\t\t<div class=\"wd-image text-left\">\n\t\t\t\t\t\t\t<a  href=\"\/ro\/project\/intarirea-capacitatii-asociatiilor-proprietarilor-de-padure-in-vederea-dezvoltarii-integrate-si-durabile-a-padurilor-in-romania\/\" aria-label=\"Image link\">\n\t\t\t\t\t\t\t\t<img loading=\"lazy\" decoding=\"async\" width=\"600\" height=\"447\" src=\"https:\/\/openfields.ro\/wp-content\/uploads\/2025\/02\/sustainable-managemnet-2.jpg\" class=\"attachment-full size-full\" alt=\"\" srcset=\"https:\/\/openfields.ro\/wp-content\/uploads\/2025\/02\/sustainable-managemnet-2.jpg 600w, https:\/\/openfields.ro\/wp-content\/uploads\/2025\/02\/sustainable-managemnet-2-300x224.jpg 300w, https:\/\/openfields.ro\/wp-content\/uploads\/2025\/02\/sustainable-managemnet-2-150x112.jpg 150w\" sizes=\"(max-width: 600px) 100vw, 600px\" \/>\t\t\t\t\t\t\t<\/a>\n\t\t\t\t\t<\/div>\n\n\t\t\t\t\t\t<\/div>\n\t\t\t\t<\/div>\n\t\t\t\t<div class=\"elementor-element elementor-element-56e6b432 elementor-widget elementor-widget-wd_infobox\" data-id=\"56e6b432\" data-element_type=\"widget\" data-e-type=\"widget\" data-widget_type=\"wd_infobox.default\">\n\t\t\t\t<div class=\"elementor-widget-container\">\n\t\t\t\t\t\t\t<div class=\"info-box-wrapper\">\n\t\t\t<div class=\"wd-info-box text-left box-icon-align-top box-style-base color-scheme- with-btn box-btn-static\">\n\t\t\t\t\n\t\t\t\t<div class=\"info-box-content\">\n\t\t\t\t\t\n\t\t\t\t\t\t\t\t\t\t\t<h4\t\t\t\t\t\tclass=\"info-box-title title box-title-style-default wd-fontsize-m\" data-elementor-setting-key=\"title\">\n\t\t\t\t\t\t\t\t\u00cent\u0103rirea capacit\u0103\u021bii asocia\u021biilor proprietarilor de p\u0103dure \u00een vederea dezvolt\u0103rii integrate \u0219i durabile a p\u0103durilor \u00een Rom\u00e2nia\t\t\t\t\t\t<\/h4>\n\t\t\t\t\t\n\t\t\t\t\t<div class=\"info-box-inner reset-last-child\"data-elementor-setting-key=\"content\"><p>Cu scopul de a cre\u0219te sustenabil veniturile \u0219i biodiversitatea natural\u0103 a p\u0103durilor, am crescut gradul de con\u0219tientizare al popula\u021biei locale asupra importan\u021bei p\u0103durilor, am dezvoltat lan\u021buri de valoare ad\u0103ugat\u0103, am creat modele eficiente de utilizare a resurselor locale, regenerabile \u0219i am promovat modelele la nivel regional \u0219i na\u021bional.<\/p>\n<\/div>\n\n\t\t\t\t\t\t\t\t\t\t\t<div class=\"info-btn-wrapper\">\n\t\t\t\t\t\t\t\t\t<div class=\"wd-button-wrapper text-left\" >\n\t\t\t<a class=\"btn btn-style-default btn-shape-round btn-size-default btn-color-primary btn-icon-pos-right\"  href=\"\/ro\/project\/intarirea-capacitatii-asociatiilor-proprietarilor-de-padure-in-vederea-dezvoltarii-integrate-si-durabile-a-padurilor-in-romania\/\">\n\t\t\t\t<span class=\"wd-btn-text\" data-elementor-setting-key=\"text\">\n\t\t\t\t\tVezi detalii\t\t\t\t<\/span>\n\n\t\t\t\t\t\t\t<\/a>\n\t\t<\/div>\n\t\t\t\t\t\t\t\t<\/div>\n\t\t\t\t\t\t\t\t\t<\/div>\n\n\t\t\t\t\t\t\t<\/div>\n\t\t<\/div>\n\t\t\t\t\t\t<\/div>\n\t\t\t\t<\/div>\n\t\t\t\t<\/div>\n\t\t\t\t<\/div>\n\t\t<div class=\"elementor-element elementor-element-68ae34fd e-con-full e-flex e-con e-child\" data-id=\"68ae34fd\" data-element_type=\"container\" data-e-type=\"container\">\n\t\t\t\t<div class=\"elementor-element elementor-element-7fa99980 wd-width-100 elementor-widget elementor-widget-wd_title\" data-id=\"7fa99980\" data-element_type=\"widget\" data-e-type=\"widget\" data-widget_type=\"wd_title.default\">\n\t\t\t\t<div class=\"elementor-widget-container\">\n\t\t\t\t\t\t\t<div class=\"title-wrapper wd-set-mb reset-last-child wd-title-color-default wd-title-style-default wd-title-size-medium text-left\">\n\n\t\t\t\n\t\t\t<div class=\"liner-continer\">\n\t\t\t\t<h4 class=\"woodmart-title-container title wd-fontsize-xl\">Alte proiecte de protejare a mediului \u00eenconjur\u0103tor derulate:<\/h4> \n\t\t\t\t\t\t\t<\/div>\n\n\t\t\t\t\t<\/div>\n\t\t\t\t\t\t<\/div>\n\t\t\t\t<\/div>\n\t\t\t\t<div class=\"elementor-element elementor-element-7b3167e0 wd-width-100 elementor-widget elementor-widget-wd_portfolio\" data-id=\"7b3167e0\" data-element_type=\"widget\" data-e-type=\"widget\" data-widget_type=\"wd_portfolio.default\">\n\t\t\t\t<div class=\"elementor-widget-container\">\n\t\t\t\t\t\t\t\t\t\t\t\t\t\t<div class=\"wd-portfolio-element\">\n\n\t\t\t\t\t\n\t\t\t\t\t<div class=\"wd-projects wd-masonry wd-grid-f-col\" data-atts=\"{&quot;posts_per_page&quot;:&quot;&quot;,&quot;filters&quot;:&quot;&quot;,&quot;filters_type&quot;:null,&quot;categories&quot;:[&quot;36&quot;],&quot;style&quot;:&quot;inherit&quot;,&quot;columns&quot;:3,&quot;columns_tablet&quot;:{&quot;size&quot;:&quot;&quot;},&quot;columns_mobile&quot;:{&quot;size&quot;:&quot;&quot;},&quot;spacing&quot;:&quot;&quot;,&quot;spacing_tablet&quot;:&quot;&quot;,&quot;spacing_mobile&quot;:&quot;&quot;,&quot;pagination&quot;:&quot;&quot;,&quot;ajax_page&quot;:&quot;&quot;,&quot;orderby&quot;:&quot;title&quot;,&quot;order&quot;:&quot;&quot;,&quot;layout&quot;:&quot;grid&quot;,&quot;lazy_loading&quot;:&quot;no&quot;,&quot;elementor&quot;:true,&quot;custom_sizes&quot;:false,&quot;image_size&quot;:&quot;full&quot;,&quot;speed&quot;:null,&quot;slides_per_view&quot;:null,&quot;slides_per_view_tablet&quot;:{&quot;size&quot;:&quot;&quot;},&quot;slides_per_view_mobile&quot;:{&quot;size&quot;:&quot;&quot;},&quot;wrap&quot;:null,&quot;autoplay&quot;:null,&quot;hide_pagination_control&quot;:null,&quot;hide_prev_next_buttons&quot;:null,&quot;scroll_per_page&quot;:null,&quot;scroll_carousel_init&quot;:null}\" data-source=\"shortcode\" data-paged=\"1\" style=\"--wd-col-lg:3;--wd-col-md:3;--wd-col-sm:1;--wd-gap-lg:20px;--wd-gap-sm:10px;\">\n\t\t\t\n\t\t\t\t\t\t\t\t\t\t\t\n<article id=\"post-724\" class=\"wd-project portfolio-entry wd-col masonry-item portfolio-text-shown proj-cat-mediu-inconjurator proj-cat-proiecte-incheiate-open-fields post-724 portfolio type-portfolio status-publish has-post-thumbnail hentry project-cat-mediu-inconjurator project-cat-proiecte-incheiate-open-fields\">\n\t<header class=\"entry-header\">\n\t\t\t\t\t<figure class=\"entry-thumbnail color-scheme-light\">\n\t\t\t\t<a href=\"https:\/\/openfields.ro\/ro\/project\/intarirea-capacitatii-asociatiilor-proprietarilor-de-padure-in-vederea-dezvoltarii-integrate-si-durabile-a-padurilor-in-romania\/\" class=\"portfolio-thumbnail\">\n\t\t\t\t\t<img loading=\"lazy\" decoding=\"async\" width=\"856\" height=\"570\" src=\"https:\/\/openfields.ro\/wp-content\/uploads\/2025\/01\/forest.jpg\" class=\"attachment-full size-full\" alt=\"\" srcset=\"https:\/\/openfields.ro\/wp-content\/uploads\/2025\/01\/forest.jpg 856w, https:\/\/openfields.ro\/wp-content\/uploads\/2025\/01\/forest-300x200.jpg 300w, https:\/\/openfields.ro\/wp-content\/uploads\/2025\/01\/forest-150x100.jpg 150w, https:\/\/openfields.ro\/wp-content\/uploads\/2025\/01\/forest-600x400.jpg 600w, https:\/\/openfields.ro\/wp-content\/uploads\/2025\/01\/forest-768x511.jpg 768w\" sizes=\"(max-width: 856px) 100vw, 856px\" \/>\t\t\t\t<\/a>\n\t\t\t\t<div class=\"wd-portfolio-btns\">\n\t\t\t\t\t<div class=\"portfolio-enlarge wd-action-btn wd-style-icon wd-enlarge-icon\">\n\t\t\t\t\t\t<a href=\"https:\/\/openfields.ro\/wp-content\/uploads\/2025\/01\/forest.jpg\" data-elementor-open-lightbox=\"no\">View Large<\/a>\n\t\t\t\t\t<\/div>\n\t\t\t\t\t\t\t\t\t\t\t<div class=\"social-icons-wrapper wd-action-btn wd-style-icon wd-share-icon wd-tltp\">\n\t\t\t\t\t\t\t<a><\/a>\n\t\t\t\t\t\t\t<div class=\"tooltip left\">\n\t\t\t\t\t\t\t\t<div class=\"tooltip-arrow\"><\/div>\n\t\t\t\t\t\t\t\t<div class=\"tooltip-inner\">\n\t\t\t\t\t\t\t\t\t\t\t\t<div id=\"\" class=\" wd-social-icons wd-style-default wd-size-small social-share wd-shape-circle color-scheme-light text-center\">\n\t\t\t\t\n\t\t\t\t\n\t\t\t\t\t\t\t\t\t<a rel=\"noopener noreferrer nofollow\" href=\"https:\/\/www.facebook.com\/sharer\/sharer.php?u=https:\/\/openfields.ro\/ro\/project\/intarirea-capacitatii-asociatiilor-proprietarilor-de-padure-in-vederea-dezvoltarii-integrate-si-durabile-a-padurilor-in-romania\/\" target=\"_blank\" class=\" wd-social-icon social-facebook\" aria-label=\"Facebook social link\">\n\t\t\t\t\t\t<span class=\"wd-icon\"><\/span>\n\t\t\t\t\t\t\t\t\t\t\t<\/a>\n\t\t\t\t\n\t\t\t\t\n\t\t\t\t\t\t\t\t\t<a rel=\"noopener noreferrer nofollow\" href=\"mailto:?subject=Check%20this%20https:\/\/openfields.ro\/ro\/project\/intarirea-capacitatii-asociatiilor-proprietarilor-de-padure-in-vederea-dezvoltarii-integrate-si-durabile-a-padurilor-in-romania\/\" target=\"_blank\" class=\" wd-social-icon social-email\" aria-label=\"Email social link\">\n\t\t\t\t\t\t<span class=\"wd-icon\"><\/span>\n\t\t\t\t\t\t\t\t\t\t\t<\/a>\n\t\t\t\t\n\t\t\t\t\n\t\t\t\t\n\t\t\t\t\n\t\t\t\t\n\t\t\t\t\n\t\t\t\t\n\t\t\t\t\n\t\t\t\t\n\t\t\t\t\n\t\t\t\t\n\t\t\t\t\n\t\t\t\t\n\t\t\t\t\n\t\t\t\t\n\t\t\t\t\n\t\t\t\t\n\t\t\t\t\n\t\t\t\t\n\t\t\t\t\n\t\t\t\t\n\t\t\t\t\n\t\t\t\t\n\t\t\t<\/div>\n\n\t\t\t\t\t\t\t\t\t\t<\/div>\n\t\t\t\t\t\t\t<\/div>\n\t\t\t\t\t\t<\/div>\n\t\t\t\t\t\t\t\t\t<\/div>\n\t\t\t<\/figure>\n\t\t\n\t\t<div class=\"portfolio-info\">\n\t\t\t\t\t\t\t<div class=\"wrap-meta\">\n\t\t\t\t\t<ul class=\"proj-cats-list\">\n\t\t\t\t\t\t\t\t\t\t\t\t\t\t\t\t\t\t\t\t<li>Mediu \u00eenconjur\u0103tor<\/li>\n\t\t\t\t\t\t\t\t\t\t\t\t\t\t\t\t\t\t\t\t<li>Proiecte \u00cencheiate<\/li>\n\t\t\t\t\t\t\t\t\t\t\t<\/ul>\n\t\t\t\t<\/div>\n\t\t\t\n\t\t\t<div class=\"wrap-title\">\n\t\t\t\t<h3 class=\"wd-entities-title\">\n\t\t\t\t\t<a href=\"https:\/\/openfields.ro\/ro\/project\/intarirea-capacitatii-asociatiilor-proprietarilor-de-padure-in-vederea-dezvoltarii-integrate-si-durabile-a-padurilor-in-romania\/\" rel=\"bookmark\">\u00cent\u0103rirea capacit\u0103\u0163ii Asocia\u0163iilor Proprietarilor de p\u0103dure \u00een vederea dezvolt\u0103rii integrate \u0219i durabile a p\u0103durilor \u00een Rom\u00e2nia<\/a>\n\t\t\t\t<\/h3>\n\t\t\t<\/div>\n\t\t<\/div>\n\t<\/header>\n<\/article>\n\t\t\t\t\t\t\t\t\t\t\t\n<article id=\"post-1000\" class=\"wd-project portfolio-entry wd-col masonry-item portfolio-text-shown proj-cat-dezvoltare proj-cat-inovare proj-cat-mediu-inconjurator proj-cat-proiecte-incheiate-open-fields proj-cat-social-ro post-1000 portfolio type-portfolio status-publish has-post-thumbnail hentry project-cat-dezvoltare project-cat-inovare project-cat-mediu-inconjurator project-cat-proiecte-incheiate-open-fields project-cat-social-ro\">\n\t<header class=\"entry-header\">\n\t\t\t\t\t<figure class=\"entry-thumbnail color-scheme-light\">\n\t\t\t\t<a href=\"https:\/\/openfields.ro\/ro\/project\/impreuna-plantam-dezvoltare-si-armonie-in-valea-viilor\/\" class=\"portfolio-thumbnail\">\n\t\t\t\t\t<img loading=\"lazy\" decoding=\"async\" width=\"806\" height=\"536\" src=\"https:\/\/openfields.ro\/wp-content\/uploads\/2025\/02\/ip_7-editat-1.jpg\" class=\"attachment-full size-full\" alt=\"\" srcset=\"https:\/\/openfields.ro\/wp-content\/uploads\/2025\/02\/ip_7-editat-1.jpg 806w, https:\/\/openfields.ro\/wp-content\/uploads\/2025\/02\/ip_7-editat-1-300x200.jpg 300w, https:\/\/openfields.ro\/wp-content\/uploads\/2025\/02\/ip_7-editat-1-150x100.jpg 150w, https:\/\/openfields.ro\/wp-content\/uploads\/2025\/02\/ip_7-editat-1-600x399.jpg 600w, https:\/\/openfields.ro\/wp-content\/uploads\/2025\/02\/ip_7-editat-1-768x511.jpg 768w\" sizes=\"(max-width: 806px) 100vw, 806px\" \/>\t\t\t\t<\/a>\n\t\t\t\t<div class=\"wd-portfolio-btns\">\n\t\t\t\t\t<div class=\"portfolio-enlarge wd-action-btn wd-style-icon wd-enlarge-icon\">\n\t\t\t\t\t\t<a href=\"https:\/\/openfields.ro\/wp-content\/uploads\/2025\/02\/ip_7-editat-1.jpg\" data-elementor-open-lightbox=\"no\">View Large<\/a>\n\t\t\t\t\t<\/div>\n\t\t\t\t\t\t\t\t\t\t\t<div class=\"social-icons-wrapper wd-action-btn wd-style-icon wd-share-icon wd-tltp\">\n\t\t\t\t\t\t\t<a><\/a>\n\t\t\t\t\t\t\t<div class=\"tooltip left\">\n\t\t\t\t\t\t\t\t<div class=\"tooltip-arrow\"><\/div>\n\t\t\t\t\t\t\t\t<div class=\"tooltip-inner\">\n\t\t\t\t\t\t\t\t\t\t\t\t<div id=\"\" class=\" wd-social-icons wd-style-default wd-size-small social-share wd-shape-circle color-scheme-light text-center\">\n\t\t\t\t\n\t\t\t\t\n\t\t\t\t\t\t\t\t\t<a rel=\"noopener noreferrer nofollow\" href=\"https:\/\/www.facebook.com\/sharer\/sharer.php?u=https:\/\/openfields.ro\/ro\/project\/impreuna-plantam-dezvoltare-si-armonie-in-valea-viilor\/\" target=\"_blank\" class=\" wd-social-icon social-facebook\" aria-label=\"Facebook social link\">\n\t\t\t\t\t\t<span class=\"wd-icon\"><\/span>\n\t\t\t\t\t\t\t\t\t\t\t<\/a>\n\t\t\t\t\n\t\t\t\t\n\t\t\t\t\t\t\t\t\t<a rel=\"noopener noreferrer nofollow\" href=\"mailto:?subject=Check%20this%20https:\/\/openfields.ro\/ro\/project\/impreuna-plantam-dezvoltare-si-armonie-in-valea-viilor\/\" target=\"_blank\" class=\" wd-social-icon social-email\" aria-label=\"Email social link\">\n\t\t\t\t\t\t<span class=\"wd-icon\"><\/span>\n\t\t\t\t\t\t\t\t\t\t\t<\/a>\n\t\t\t\t\n\t\t\t\t\n\t\t\t\t\n\t\t\t\t\n\t\t\t\t\n\t\t\t\t\n\t\t\t\t\n\t\t\t\t\n\t\t\t\t\n\t\t\t\t\n\t\t\t\t\n\t\t\t\t\n\t\t\t\t\n\t\t\t\t\n\t\t\t\t\n\t\t\t\t\n\t\t\t\t\n\t\t\t\t\n\t\t\t\t\n\t\t\t\t\n\t\t\t\t\n\t\t\t\t\n\t\t\t\t\n\t\t\t<\/div>\n\n\t\t\t\t\t\t\t\t\t\t<\/div>\n\t\t\t\t\t\t\t<\/div>\n\t\t\t\t\t\t<\/div>\n\t\t\t\t\t\t\t\t\t<\/div>\n\t\t\t<\/figure>\n\t\t\n\t\t<div class=\"portfolio-info\">\n\t\t\t\t\t\t\t<div class=\"wrap-meta\">\n\t\t\t\t\t<ul class=\"proj-cats-list\">\n\t\t\t\t\t\t\t\t\t\t\t\t\t\t\t\t\t\t\t\t<li>Dezvoltare<\/li>\n\t\t\t\t\t\t\t\t\t\t\t\t\t\t\t\t\t\t\t\t<li>Inovare<\/li>\n\t\t\t\t\t\t\t\t\t\t\t\t\t\t\t\t\t\t\t\t<li>Mediu \u00eenconjur\u0103tor<\/li>\n\t\t\t\t\t\t\t\t\t\t\t\t\t\t\t\t\t\t\t\t<li>Proiecte \u00cencheiate<\/li>\n\t\t\t\t\t\t\t\t\t\t\t\t\t\t\t\t\t\t\t\t<li>Social<\/li>\n\t\t\t\t\t\t\t\t\t\t\t<\/ul>\n\t\t\t\t<\/div>\n\t\t\t\n\t\t\t<div class=\"wrap-title\">\n\t\t\t\t<h3 class=\"wd-entities-title\">\n\t\t\t\t\t<a href=\"https:\/\/openfields.ro\/ro\/project\/impreuna-plantam-dezvoltare-si-armonie-in-valea-viilor\/\" rel=\"bookmark\">\u00cempreun\u0103 plant\u0103m dezvoltare \u015fi armonie \u00een Valea Viilor<\/a>\n\t\t\t\t<\/h3>\n\t\t\t<\/div>\n\t\t<\/div>\n\t<\/header>\n<\/article>\n\t\t\t\t\t\t\t\t\t\t\t\n<article id=\"post-816\" class=\"wd-project portfolio-entry wd-col masonry-item portfolio-text-shown proj-cat-inovare proj-cat-mediu-inconjurator proj-cat-proiecte-active-open-fields post-816 portfolio type-portfolio status-publish has-post-thumbnail hentry project-cat-inovare project-cat-mediu-inconjurator project-cat-proiecte-active-open-fields\">\n\t<header class=\"entry-header\">\n\t\t\t\t\t<figure class=\"entry-thumbnail color-scheme-light\">\n\t\t\t\t<a href=\"https:\/\/openfields.ro\/ro\/project\/feed4change-si-agricultura-regenerativa\/\" class=\"portfolio-thumbnail\">\n\t\t\t\t\t<img loading=\"lazy\" decoding=\"async\" width=\"856\" height=\"570\" src=\"https:\/\/openfields.ro\/wp-content\/uploads\/2025\/02\/feed4change-1-1.jpg\" class=\"attachment-full size-full\" alt=\"\" srcset=\"https:\/\/openfields.ro\/wp-content\/uploads\/2025\/02\/feed4change-1-1.jpg 856w, https:\/\/openfields.ro\/wp-content\/uploads\/2025\/02\/feed4change-1-1-300x200.jpg 300w, https:\/\/openfields.ro\/wp-content\/uploads\/2025\/02\/feed4change-1-1-150x100.jpg 150w, https:\/\/openfields.ro\/wp-content\/uploads\/2025\/02\/feed4change-1-1-600x400.jpg 600w, https:\/\/openfields.ro\/wp-content\/uploads\/2025\/02\/feed4change-1-1-768x511.jpg 768w\" sizes=\"(max-width: 856px) 100vw, 856px\" \/>\t\t\t\t<\/a>\n\t\t\t\t<div class=\"wd-portfolio-btns\">\n\t\t\t\t\t<div class=\"portfolio-enlarge wd-action-btn wd-style-icon wd-enlarge-icon\">\n\t\t\t\t\t\t<a href=\"https:\/\/openfields.ro\/wp-content\/uploads\/2025\/02\/feed4change-1-1.jpg\" data-elementor-open-lightbox=\"no\">View Large<\/a>\n\t\t\t\t\t<\/div>\n\t\t\t\t\t\t\t\t\t\t\t<div class=\"social-icons-wrapper wd-action-btn wd-style-icon wd-share-icon wd-tltp\">\n\t\t\t\t\t\t\t<a><\/a>\n\t\t\t\t\t\t\t<div class=\"tooltip left\">\n\t\t\t\t\t\t\t\t<div class=\"tooltip-arrow\"><\/div>\n\t\t\t\t\t\t\t\t<div class=\"tooltip-inner\">\n\t\t\t\t\t\t\t\t\t\t\t\t<div id=\"\" class=\" wd-social-icons wd-style-default wd-size-small social-share wd-shape-circle color-scheme-light text-center\">\n\t\t\t\t\n\t\t\t\t\n\t\t\t\t\t\t\t\t\t<a rel=\"noopener noreferrer nofollow\" href=\"https:\/\/www.facebook.com\/sharer\/sharer.php?u=https:\/\/openfields.ro\/ro\/project\/feed4change-si-agricultura-regenerativa\/\" target=\"_blank\" class=\" wd-social-icon social-facebook\" aria-label=\"Facebook social link\">\n\t\t\t\t\t\t<span class=\"wd-icon\"><\/span>\n\t\t\t\t\t\t\t\t\t\t\t<\/a>\n\t\t\t\t\n\t\t\t\t\n\t\t\t\t\t\t\t\t\t<a rel=\"noopener noreferrer nofollow\" href=\"mailto:?subject=Check%20this%20https:\/\/openfields.ro\/ro\/project\/feed4change-si-agricultura-regenerativa\/\" target=\"_blank\" class=\" wd-social-icon social-email\" aria-label=\"Email social link\">\n\t\t\t\t\t\t<span class=\"wd-icon\"><\/span>\n\t\t\t\t\t\t\t\t\t\t\t<\/a>\n\t\t\t\t\n\t\t\t\t\n\t\t\t\t\n\t\t\t\t\n\t\t\t\t\n\t\t\t\t\n\t\t\t\t\n\t\t\t\t\n\t\t\t\t\n\t\t\t\t\n\t\t\t\t\n\t\t\t\t\n\t\t\t\t\n\t\t\t\t\n\t\t\t\t\n\t\t\t\t\n\t\t\t\t\n\t\t\t\t\n\t\t\t\t\n\t\t\t\t\n\t\t\t\t\n\t\t\t\t\n\t\t\t\t\n\t\t\t<\/div>\n\n\t\t\t\t\t\t\t\t\t\t<\/div>\n\t\t\t\t\t\t\t<\/div>\n\t\t\t\t\t\t<\/div>\n\t\t\t\t\t\t\t\t\t<\/div>\n\t\t\t<\/figure>\n\t\t\n\t\t<div class=\"portfolio-info\">\n\t\t\t\t\t\t\t<div class=\"wrap-meta\">\n\t\t\t\t\t<ul class=\"proj-cats-list\">\n\t\t\t\t\t\t\t\t\t\t\t\t\t\t\t\t\t\t\t\t<li>Inovare<\/li>\n\t\t\t\t\t\t\t\t\t\t\t\t\t\t\t\t\t\t\t\t<li>Mediu \u00eenconjur\u0103tor<\/li>\n\t\t\t\t\t\t\t\t\t\t\t\t\t\t\t\t\t\t\t\t<li>Proiecte active<\/li>\n\t\t\t\t\t\t\t\t\t\t\t<\/ul>\n\t\t\t\t<\/div>\n\t\t\t\n\t\t\t<div class=\"wrap-title\">\n\t\t\t\t<h3 class=\"wd-entities-title\">\n\t\t\t\t\t<a href=\"https:\/\/openfields.ro\/ro\/project\/feed4change-si-agricultura-regenerativa\/\" rel=\"bookmark\">Feed4Change \u0219i Agricultura Regenerativ\u0103<\/a>\n\t\t\t\t<\/h3>\n\t\t\t<\/div>\n\t\t<\/div>\n\t<\/header>\n<\/article>\n\t\t\t\t\t\t\t\t\t\t\t\n<article id=\"post-587\" class=\"wd-project portfolio-entry wd-col masonry-item portfolio-text-shown proj-cat-dezvoltare proj-cat-inovare proj-cat-mediu-inconjurator proj-cat-proiecte-incheiate-open-fields proj-cat-social-ro post-587 portfolio type-portfolio status-publish has-post-thumbnail hentry project-cat-dezvoltare project-cat-inovare project-cat-mediu-inconjurator project-cat-proiecte-incheiate-open-fields project-cat-social-ro\">\n\t<header class=\"entry-header\">\n\t\t\t\t\t<figure class=\"entry-thumbnail color-scheme-light\">\n\t\t\t\t<a href=\"https:\/\/openfields.ro\/ro\/project\/chance-for-all-o-sansa-pentru-familia-ta\/\" class=\"portfolio-thumbnail\">\n\t\t\t\t\t<img loading=\"lazy\" decoding=\"async\" width=\"884\" height=\"589\" src=\"https:\/\/openfields.ro\/wp-content\/uploads\/2025\/01\/mierlea-fam-2-160413.jpg\" class=\"attachment-full size-full\" alt=\"\" srcset=\"https:\/\/openfields.ro\/wp-content\/uploads\/2025\/01\/mierlea-fam-2-160413.jpg 884w, https:\/\/openfields.ro\/wp-content\/uploads\/2025\/01\/mierlea-fam-2-160413-300x200.jpg 300w, https:\/\/openfields.ro\/wp-content\/uploads\/2025\/01\/mierlea-fam-2-160413-150x100.jpg 150w, https:\/\/openfields.ro\/wp-content\/uploads\/2025\/01\/mierlea-fam-2-160413-600x400.jpg 600w, https:\/\/openfields.ro\/wp-content\/uploads\/2025\/01\/mierlea-fam-2-160413-768x512.jpg 768w\" sizes=\"(max-width: 884px) 100vw, 884px\" \/>\t\t\t\t<\/a>\n\t\t\t\t<div class=\"wd-portfolio-btns\">\n\t\t\t\t\t<div class=\"portfolio-enlarge wd-action-btn wd-style-icon wd-enlarge-icon\">\n\t\t\t\t\t\t<a href=\"https:\/\/openfields.ro\/wp-content\/uploads\/2025\/01\/mierlea-fam-2-160413.jpg\" data-elementor-open-lightbox=\"no\">View Large<\/a>\n\t\t\t\t\t<\/div>\n\t\t\t\t\t\t\t\t\t\t\t<div class=\"social-icons-wrapper wd-action-btn wd-style-icon wd-share-icon wd-tltp\">\n\t\t\t\t\t\t\t<a><\/a>\n\t\t\t\t\t\t\t<div class=\"tooltip left\">\n\t\t\t\t\t\t\t\t<div class=\"tooltip-arrow\"><\/div>\n\t\t\t\t\t\t\t\t<div class=\"tooltip-inner\">\n\t\t\t\t\t\t\t\t\t\t\t\t<div id=\"\" class=\" wd-social-icons wd-style-default wd-size-small social-share wd-shape-circle color-scheme-light text-center\">\n\t\t\t\t\n\t\t\t\t\n\t\t\t\t\t\t\t\t\t<a rel=\"noopener noreferrer nofollow\" href=\"https:\/\/www.facebook.com\/sharer\/sharer.php?u=https:\/\/openfields.ro\/ro\/project\/chance-for-all-o-sansa-pentru-familia-ta\/\" target=\"_blank\" class=\" wd-social-icon social-facebook\" aria-label=\"Facebook social link\">\n\t\t\t\t\t\t<span class=\"wd-icon\"><\/span>\n\t\t\t\t\t\t\t\t\t\t\t<\/a>\n\t\t\t\t\n\t\t\t\t\n\t\t\t\t\t\t\t\t\t<a rel=\"noopener noreferrer nofollow\" href=\"mailto:?subject=Check%20this%20https:\/\/openfields.ro\/ro\/project\/chance-for-all-o-sansa-pentru-familia-ta\/\" target=\"_blank\" class=\" wd-social-icon social-email\" aria-label=\"Email social link\">\n\t\t\t\t\t\t<span class=\"wd-icon\"><\/span>\n\t\t\t\t\t\t\t\t\t\t\t<\/a>\n\t\t\t\t\n\t\t\t\t\n\t\t\t\t\n\t\t\t\t\n\t\t\t\t\n\t\t\t\t\n\t\t\t\t\n\t\t\t\t\n\t\t\t\t\n\t\t\t\t\n\t\t\t\t\n\t\t\t\t\n\t\t\t\t\n\t\t\t\t\n\t\t\t\t\n\t\t\t\t\n\t\t\t\t\n\t\t\t\t\n\t\t\t\t\n\t\t\t\t\n\t\t\t\t\n\t\t\t\t\n\t\t\t\t\n\t\t\t<\/div>\n\n\t\t\t\t\t\t\t\t\t\t<\/div>\n\t\t\t\t\t\t\t<\/div>\n\t\t\t\t\t\t<\/div>\n\t\t\t\t\t\t\t\t\t<\/div>\n\t\t\t<\/figure>\n\t\t\n\t\t<div class=\"portfolio-info\">\n\t\t\t\t\t\t\t<div class=\"wrap-meta\">\n\t\t\t\t\t<ul class=\"proj-cats-list\">\n\t\t\t\t\t\t\t\t\t\t\t\t\t\t\t\t\t\t\t\t<li>Dezvoltare<\/li>\n\t\t\t\t\t\t\t\t\t\t\t\t\t\t\t\t\t\t\t\t<li>Inovare<\/li>\n\t\t\t\t\t\t\t\t\t\t\t\t\t\t\t\t\t\t\t\t<li>Mediu \u00eenconjur\u0103tor<\/li>\n\t\t\t\t\t\t\t\t\t\t\t\t\t\t\t\t\t\t\t\t<li>Proiecte \u00cencheiate<\/li>\n\t\t\t\t\t\t\t\t\t\t\t\t\t\t\t\t\t\t\t\t<li>Social<\/li>\n\t\t\t\t\t\t\t\t\t\t\t<\/ul>\n\t\t\t\t<\/div>\n\t\t\t\n\t\t\t<div class=\"wrap-title\">\n\t\t\t\t<h3 class=\"wd-entities-title\">\n\t\t\t\t\t<a href=\"https:\/\/openfields.ro\/ro\/project\/chance-for-all-o-sansa-pentru-familia-ta\/\" rel=\"bookmark\">Chance for All \/ O \u015eANS\u0102 PENTRU FAMILIA TA<\/a>\n\t\t\t\t<\/h3>\n\t\t\t<\/div>\n\t\t<\/div>\n\t<\/header>\n<\/article>\n\t\t\t\t\t\t\t\t\t\t\t\n<article id=\"post-1024\" class=\"wd-project portfolio-entry wd-col masonry-item portfolio-text-shown proj-cat-dezvoltare proj-cat-inovare proj-cat-mediu-inconjurator proj-cat-proiecte-incheiate-open-fields proj-cat-social-ro post-1024 portfolio type-portfolio status-publish has-post-thumbnail hentry project-cat-dezvoltare project-cat-inovare project-cat-mediu-inconjurator project-cat-proiecte-incheiate-open-fields project-cat-social-ro\">\n\t<header class=\"entry-header\">\n\t\t\t\t\t<figure class=\"entry-thumbnail color-scheme-light\">\n\t\t\t\t<a href=\"https:\/\/openfields.ro\/ro\/project\/cetateni-activi-in-podisul-mediasului\/\" class=\"portfolio-thumbnail\">\n\t\t\t\t\t<img loading=\"lazy\" decoding=\"async\" width=\"806\" height=\"536\" src=\"https:\/\/openfields.ro\/wp-content\/uploads\/2025\/02\/medias-oameni.jpg\" class=\"attachment-full size-full\" alt=\"\" srcset=\"https:\/\/openfields.ro\/wp-content\/uploads\/2025\/02\/medias-oameni.jpg 806w, https:\/\/openfields.ro\/wp-content\/uploads\/2025\/02\/medias-oameni-300x200.jpg 300w, https:\/\/openfields.ro\/wp-content\/uploads\/2025\/02\/medias-oameni-150x100.jpg 150w, https:\/\/openfields.ro\/wp-content\/uploads\/2025\/02\/medias-oameni-600x399.jpg 600w, https:\/\/openfields.ro\/wp-content\/uploads\/2025\/02\/medias-oameni-768x511.jpg 768w\" sizes=\"(max-width: 806px) 100vw, 806px\" \/>\t\t\t\t<\/a>\n\t\t\t\t<div class=\"wd-portfolio-btns\">\n\t\t\t\t\t<div class=\"portfolio-enlarge wd-action-btn wd-style-icon wd-enlarge-icon\">\n\t\t\t\t\t\t<a href=\"https:\/\/openfields.ro\/wp-content\/uploads\/2025\/02\/medias-oameni.jpg\" data-elementor-open-lightbox=\"no\">View Large<\/a>\n\t\t\t\t\t<\/div>\n\t\t\t\t\t\t\t\t\t\t\t<div class=\"social-icons-wrapper wd-action-btn wd-style-icon wd-share-icon wd-tltp\">\n\t\t\t\t\t\t\t<a><\/a>\n\t\t\t\t\t\t\t<div class=\"tooltip left\">\n\t\t\t\t\t\t\t\t<div class=\"tooltip-arrow\"><\/div>\n\t\t\t\t\t\t\t\t<div class=\"tooltip-inner\">\n\t\t\t\t\t\t\t\t\t\t\t\t<div id=\"\" class=\" wd-social-icons wd-style-default wd-size-small social-share wd-shape-circle color-scheme-light text-center\">\n\t\t\t\t\n\t\t\t\t\n\t\t\t\t\t\t\t\t\t<a rel=\"noopener noreferrer nofollow\" href=\"https:\/\/www.facebook.com\/sharer\/sharer.php?u=https:\/\/openfields.ro\/ro\/project\/cetateni-activi-in-podisul-mediasului\/\" target=\"_blank\" class=\" wd-social-icon social-facebook\" aria-label=\"Facebook social link\">\n\t\t\t\t\t\t<span class=\"wd-icon\"><\/span>\n\t\t\t\t\t\t\t\t\t\t\t<\/a>\n\t\t\t\t\n\t\t\t\t\n\t\t\t\t\t\t\t\t\t<a rel=\"noopener noreferrer nofollow\" href=\"mailto:?subject=Check%20this%20https:\/\/openfields.ro\/ro\/project\/cetateni-activi-in-podisul-mediasului\/\" target=\"_blank\" class=\" wd-social-icon social-email\" aria-label=\"Email social link\">\n\t\t\t\t\t\t<span class=\"wd-icon\"><\/span>\n\t\t\t\t\t\t\t\t\t\t\t<\/a>\n\t\t\t\t\n\t\t\t\t\n\t\t\t\t\n\t\t\t\t\n\t\t\t\t\n\t\t\t\t\n\t\t\t\t\n\t\t\t\t\n\t\t\t\t\n\t\t\t\t\n\t\t\t\t\n\t\t\t\t\n\t\t\t\t\n\t\t\t\t\n\t\t\t\t\n\t\t\t\t\n\t\t\t\t\n\t\t\t\t\n\t\t\t\t\n\t\t\t\t\n\t\t\t\t\n\t\t\t\t\n\t\t\t\t\n\t\t\t<\/div>\n\n\t\t\t\t\t\t\t\t\t\t<\/div>\n\t\t\t\t\t\t\t<\/div>\n\t\t\t\t\t\t<\/div>\n\t\t\t\t\t\t\t\t\t<\/div>\n\t\t\t<\/figure>\n\t\t\n\t\t<div class=\"portfolio-info\">\n\t\t\t\t\t\t\t<div class=\"wrap-meta\">\n\t\t\t\t\t<ul class=\"proj-cats-list\">\n\t\t\t\t\t\t\t\t\t\t\t\t\t\t\t\t\t\t\t\t<li>Dezvoltare<\/li>\n\t\t\t\t\t\t\t\t\t\t\t\t\t\t\t\t\t\t\t\t<li>Inovare<\/li>\n\t\t\t\t\t\t\t\t\t\t\t\t\t\t\t\t\t\t\t\t<li>Mediu \u00eenconjur\u0103tor<\/li>\n\t\t\t\t\t\t\t\t\t\t\t\t\t\t\t\t\t\t\t\t<li>Proiecte \u00cencheiate<\/li>\n\t\t\t\t\t\t\t\t\t\t\t\t\t\t\t\t\t\t\t\t<li>Social<\/li>\n\t\t\t\t\t\t\t\t\t\t\t<\/ul>\n\t\t\t\t<\/div>\n\t\t\t\n\t\t\t<div class=\"wrap-title\">\n\t\t\t\t<h3 class=\"wd-entities-title\">\n\t\t\t\t\t<a href=\"https:\/\/openfields.ro\/ro\/project\/cetateni-activi-in-podisul-mediasului\/\" rel=\"bookmark\">Cet\u0103\u0163eni Activi \u00een Podi\u015ful Media\u015fului<\/a>\n\t\t\t\t<\/h3>\n\t\t\t<\/div>\n\t\t<\/div>\n\t<\/header>\n<\/article>\n\t\t\t\n\t\t\t\t\t\t\t\t<\/div>\n\n\t\t\t\t\t\t\t\t\t<\/div>\n\t\t\t\n\t\t\t\t\t\t\t\t<\/div>\n\t\t\t\t<\/div>\n\t\t\t\t<\/div>\n\t\t<div class=\"elementor-element elementor-element-8fc6b7f e-con-full e-flex e-con e-child\" data-id=\"8fc6b7f\" data-element_type=\"container\" data-e-type=\"container\">\n\t\t\t\t<div class=\"elementor-element elementor-element-24fc7c8 elementor-widget elementor-widget-wd_image_or_svg\" data-id=\"24fc7c8\" data-element_type=\"widget\" data-e-type=\"widget\" data-widget_type=\"wd_image_or_svg.default\">\n\t\t\t\t<div class=\"elementor-widget-container\">\n\t\t\t\t\t\n\t\t<div class=\"wd-image text-left\">\n\t\t\t\t\t\t\t\t<img loading=\"lazy\" decoding=\"async\" width=\"1768\" height=\"810\" src=\"https:\/\/openfields.ro\/wp-content\/uploads\/2025\/02\/Screenshot-2025-02-03-at-16.29.44.png\" class=\"attachment-full size-full\" alt=\"\" srcset=\"https:\/\/openfields.ro\/wp-content\/uploads\/2025\/02\/Screenshot-2025-02-03-at-16.29.44.png 1768w, https:\/\/openfields.ro\/wp-content\/uploads\/2025\/02\/Screenshot-2025-02-03-at-16.29.44-300x137.png 300w, https:\/\/openfields.ro\/wp-content\/uploads\/2025\/02\/Screenshot-2025-02-03-at-16.29.44-768x352.png 768w, https:\/\/openfields.ro\/wp-content\/uploads\/2025\/02\/Screenshot-2025-02-03-at-16.29.44-1024x469.png 1024w, https:\/\/openfields.ro\/wp-content\/uploads\/2025\/02\/Screenshot-2025-02-03-at-16.29.44-1536x704.png 1536w, https:\/\/openfields.ro\/wp-content\/uploads\/2025\/02\/Screenshot-2025-02-03-at-16.29.44-600x275.png 600w, https:\/\/openfields.ro\/wp-content\/uploads\/2025\/02\/Screenshot-2025-02-03-at-16.29.44-150x69.png 150w\" sizes=\"(max-width: 1768px) 100vw, 1768px\" \/>\t\t\t\t\t<\/div>\n\n\t\t\t\t\t\t<\/div>\n\t\t\t\t<\/div>\n\t\t\t\t<\/div>\n\t\t\t\t\t<\/div>\n\t\t\t\t<\/div>\n\t\t\t\t<\/div>\n\t\t","protected":false},"excerpt":{"rendered":"<p>Protejarea mediului este un atribut nelipsit al proiectelor noastre. Sloganul \u201eGrija pentru oameni \u0219i mediul \u00eenconjur\u0103tor\u201d \u00eembin\u0103 perfect viziunea funda\u021biei<\/p>\n","protected":false},"author":1,"featured_media":0,"parent":0,"menu_order":0,"comment_status":"closed","ping_status":"closed","template":"elementor_header_footer","meta":{"footnotes":""},"class_list":["post-1065","page","type-page","status-publish","hentry"],"yoast_head":"<!-- This site is optimized with the Yoast SEO plugin v27.4 - https:\/\/yoast.com\/product\/yoast-seo-wordpress\/ -->\n<title>Mediu \u00eenconjur\u0103tor - OPEN FIELDS Foundation<\/title>\n<meta name=\"robots\" content=\"index, follow, max-snippet:-1, max-image-preview:large, max-video-preview:-1\" \/>\n<link rel=\"canonical\" href=\"https:\/\/openfields.ro\/ro\/mediu-inconjurator\/\" \/>\n<meta property=\"og:locale\" content=\"ro_RO\" \/>\n<meta property=\"og:type\" content=\"article\" \/>\n<meta property=\"og:title\" content=\"Mediu \u00eenconjur\u0103tor - OPEN FIELDS Foundation\" \/>\n<meta property=\"og:description\" content=\"Protejarea mediului este un atribut nelipsit al proiectelor noastre. Sloganul \u201eGrija pentru oameni \u0219i mediul \u00eenconjur\u0103tor\u201d \u00eembin\u0103 perfect viziunea funda\u021biei\" \/>\n<meta property=\"og:url\" content=\"https:\/\/openfields.ro\/ro\/mediu-inconjurator\/\" \/>\n<meta property=\"og:site_name\" content=\"OPEN FIELDS Foundation\" \/>\n<meta property=\"article:publisher\" content=\"https:\/\/www.facebook.com\/OpenFieldsCluj\" \/>\n<meta property=\"article:modified_time\" content=\"2025-02-11T17:06:22+00:00\" \/>\n<meta property=\"og:image\" content=\"https:\/\/openfields.ro\/wp-content\/uploads\/2025\/02\/toamna-in-bucovina.jpg\" \/>\n<meta name=\"twitter:card\" content=\"summary_large_image\" \/>\n<meta name=\"twitter:label1\" content=\"Timp estimat pentru citire\" \/>\n\t<meta name=\"twitter:data1\" content=\"2 minute\" \/>\n<script type=\"application\/ld+json\" class=\"yoast-schema-graph\">{\"@context\":\"https:\\\/\\\/schema.org\",\"@graph\":[{\"@type\":\"WebPage\",\"@id\":\"https:\\\/\\\/openfields.ro\\\/ro\\\/mediu-inconjurator\\\/\",\"url\":\"https:\\\/\\\/openfields.ro\\\/ro\\\/mediu-inconjurator\\\/\",\"name\":\"Mediu \u00eenconjur\u0103tor - OPEN FIELDS Foundation\",\"isPartOf\":{\"@id\":\"https:\\\/\\\/openfields.ro\\\/ro\\\/#website\"},\"primaryImageOfPage\":{\"@id\":\"https:\\\/\\\/openfields.ro\\\/ro\\\/mediu-inconjurator\\\/#primaryimage\"},\"image\":{\"@id\":\"https:\\\/\\\/openfields.ro\\\/ro\\\/mediu-inconjurator\\\/#primaryimage\"},\"thumbnailUrl\":\"https:\\\/\\\/openfields.ro\\\/wp-content\\\/uploads\\\/2025\\\/02\\\/toamna-in-bucovina.jpg\",\"datePublished\":\"2025-01-12T16:17:08+00:00\",\"dateModified\":\"2025-02-11T17:06:22+00:00\",\"breadcrumb\":{\"@id\":\"https:\\\/\\\/openfields.ro\\\/ro\\\/mediu-inconjurator\\\/#breadcrumb\"},\"inLanguage\":\"ro-RO\",\"potentialAction\":[{\"@type\":\"ReadAction\",\"target\":[\"https:\\\/\\\/openfields.ro\\\/ro\\\/mediu-inconjurator\\\/\"]}]},{\"@type\":\"ImageObject\",\"inLanguage\":\"ro-RO\",\"@id\":\"https:\\\/\\\/openfields.ro\\\/ro\\\/mediu-inconjurator\\\/#primaryimage\",\"url\":\"https:\\\/\\\/openfields.ro\\\/wp-content\\\/uploads\\\/2025\\\/02\\\/toamna-in-bucovina.jpg\",\"contentUrl\":\"https:\\\/\\\/openfields.ro\\\/wp-content\\\/uploads\\\/2025\\\/02\\\/toamna-in-bucovina.jpg\"},{\"@type\":\"BreadcrumbList\",\"@id\":\"https:\\\/\\\/openfields.ro\\\/ro\\\/mediu-inconjurator\\\/#breadcrumb\",\"itemListElement\":[{\"@type\":\"ListItem\",\"position\":1,\"name\":\"Home\",\"item\":\"https:\\\/\\\/openfields.ro\\\/ro\\\/\"},{\"@type\":\"ListItem\",\"position\":2,\"name\":\"Mediu \u00eenconjur\u0103tor\"}]},{\"@type\":\"WebSite\",\"@id\":\"https:\\\/\\\/openfields.ro\\\/ro\\\/#website\",\"url\":\"https:\\\/\\\/openfields.ro\\\/ro\\\/\",\"name\":\"OPEN FIELDS Foundation\",\"description\":\"Caring for people and the enviroment\",\"publisher\":{\"@id\":\"https:\\\/\\\/openfields.ro\\\/ro\\\/#organization\"},\"alternateName\":\"Fundatia Open Fields\",\"potentialAction\":[{\"@type\":\"SearchAction\",\"target\":{\"@type\":\"EntryPoint\",\"urlTemplate\":\"https:\\\/\\\/openfields.ro\\\/ro\\\/?s={search_term_string}\"},\"query-input\":{\"@type\":\"PropertyValueSpecification\",\"valueRequired\":true,\"valueName\":\"search_term_string\"}}],\"inLanguage\":\"ro-RO\"},{\"@type\":\"Organization\",\"@id\":\"https:\\\/\\\/openfields.ro\\\/ro\\\/#organization\",\"name\":\"OPEN FIELDS Foundation\",\"url\":\"https:\\\/\\\/openfields.ro\\\/ro\\\/\",\"logo\":{\"@type\":\"ImageObject\",\"inLanguage\":\"ro-RO\",\"@id\":\"https:\\\/\\\/openfields.ro\\\/ro\\\/#\\\/schema\\\/logo\\\/image\\\/\",\"url\":\"https:\\\/\\\/openfields.ro\\\/wp-content\\\/uploads\\\/2025\\\/01\\\/Logo-Open-Fields-EN-Positive.png\",\"contentUrl\":\"https:\\\/\\\/openfields.ro\\\/wp-content\\\/uploads\\\/2025\\\/01\\\/Logo-Open-Fields-EN-Positive.png\",\"width\":2260,\"height\":600,\"caption\":\"OPEN FIELDS Foundation\"},\"image\":{\"@id\":\"https:\\\/\\\/openfields.ro\\\/ro\\\/#\\\/schema\\\/logo\\\/image\\\/\"},\"sameAs\":[\"https:\\\/\\\/www.facebook.com\\\/OpenFieldsCluj\",\"https:\\\/\\\/www.instagram.com\\\/fundatiaopenfields\\\/\"]}]}<\/script>\n<!-- \/ Yoast SEO plugin. -->","yoast_head_json":{"title":"Mediu \u00eenconjur\u0103tor - OPEN FIELDS Foundation","robots":{"index":"index","follow":"follow","max-snippet":"max-snippet:-1","max-image-preview":"max-image-preview:large","max-video-preview":"max-video-preview:-1"},"canonical":"https:\/\/openfields.ro\/ro\/mediu-inconjurator\/","og_locale":"ro_RO","og_type":"article","og_title":"Mediu \u00eenconjur\u0103tor - OPEN FIELDS Foundation","og_description":"Protejarea mediului este un atribut nelipsit al proiectelor noastre. Sloganul \u201eGrija pentru oameni \u0219i mediul \u00eenconjur\u0103tor\u201d \u00eembin\u0103 perfect viziunea funda\u021biei","og_url":"https:\/\/openfields.ro\/ro\/mediu-inconjurator\/","og_site_name":"OPEN FIELDS Foundation","article_publisher":"https:\/\/www.facebook.com\/OpenFieldsCluj","article_modified_time":"2025-02-11T17:06:22+00:00","og_image":[{"url":"https:\/\/openfields.ro\/wp-content\/uploads\/2025\/02\/toamna-in-bucovina.jpg","type":"","width":"","height":""}],"twitter_card":"summary_large_image","twitter_misc":{"Timp estimat pentru citire":"2 minute"},"schema":{"@context":"https:\/\/schema.org","@graph":[{"@type":"WebPage","@id":"https:\/\/openfields.ro\/ro\/mediu-inconjurator\/","url":"https:\/\/openfields.ro\/ro\/mediu-inconjurator\/","name":"Mediu \u00eenconjur\u0103tor - OPEN FIELDS Foundation","isPartOf":{"@id":"https:\/\/openfields.ro\/ro\/#website"},"primaryImageOfPage":{"@id":"https:\/\/openfields.ro\/ro\/mediu-inconjurator\/#primaryimage"},"image":{"@id":"https:\/\/openfields.ro\/ro\/mediu-inconjurator\/#primaryimage"},"thumbnailUrl":"https:\/\/openfields.ro\/wp-content\/uploads\/2025\/02\/toamna-in-bucovina.jpg","datePublished":"2025-01-12T16:17:08+00:00","dateModified":"2025-02-11T17:06:22+00:00","breadcrumb":{"@id":"https:\/\/openfields.ro\/ro\/mediu-inconjurator\/#breadcrumb"},"inLanguage":"ro-RO","potentialAction":[{"@type":"ReadAction","target":["https:\/\/openfields.ro\/ro\/mediu-inconjurator\/"]}]},{"@type":"ImageObject","inLanguage":"ro-RO","@id":"https:\/\/openfields.ro\/ro\/mediu-inconjurator\/#primaryimage","url":"https:\/\/openfields.ro\/wp-content\/uploads\/2025\/02\/toamna-in-bucovina.jpg","contentUrl":"https:\/\/openfields.ro\/wp-content\/uploads\/2025\/02\/toamna-in-bucovina.jpg"},{"@type":"BreadcrumbList","@id":"https:\/\/openfields.ro\/ro\/mediu-inconjurator\/#breadcrumb","itemListElement":[{"@type":"ListItem","position":1,"name":"Home","item":"https:\/\/openfields.ro\/ro\/"},{"@type":"ListItem","position":2,"name":"Mediu \u00eenconjur\u0103tor"}]},{"@type":"WebSite","@id":"https:\/\/openfields.ro\/ro\/#website","url":"https:\/\/openfields.ro\/ro\/","name":"OPEN FIELDS Foundation","description":"Caring for people and the enviroment","publisher":{"@id":"https:\/\/openfields.ro\/ro\/#organization"},"alternateName":"Fundatia Open Fields","potentialAction":[{"@type":"SearchAction","target":{"@type":"EntryPoint","urlTemplate":"https:\/\/openfields.ro\/ro\/?s={search_term_string}"},"query-input":{"@type":"PropertyValueSpecification","valueRequired":true,"valueName":"search_term_string"}}],"inLanguage":"ro-RO"},{"@type":"Organization","@id":"https:\/\/openfields.ro\/ro\/#organization","name":"OPEN FIELDS Foundation","url":"https:\/\/openfields.ro\/ro\/","logo":{"@type":"ImageObject","inLanguage":"ro-RO","@id":"https:\/\/openfields.ro\/ro\/#\/schema\/logo\/image\/","url":"https:\/\/openfields.ro\/wp-content\/uploads\/2025\/01\/Logo-Open-Fields-EN-Positive.png","contentUrl":"https:\/\/openfields.ro\/wp-content\/uploads\/2025\/01\/Logo-Open-Fields-EN-Positive.png","width":2260,"height":600,"caption":"OPEN FIELDS Foundation"},"image":{"@id":"https:\/\/openfields.ro\/ro\/#\/schema\/logo\/image\/"},"sameAs":["https:\/\/www.facebook.com\/OpenFieldsCluj","https:\/\/www.instagram.com\/fundatiaopenfields\/"]}]}},"_links":{"self":[{"href":"https:\/\/openfields.ro\/ro\/wp-json\/wp\/v2\/pages\/1065","targetHints":{"allow":["GET"]}}],"collection":[{"href":"https:\/\/openfields.ro\/ro\/wp-json\/wp\/v2\/pages"}],"about":[{"href":"https:\/\/openfields.ro\/ro\/wp-json\/wp\/v2\/types\/page"}],"author":[{"embeddable":true,"href":"https:\/\/openfields.ro\/ro\/wp-json\/wp\/v2\/users\/1"}],"replies":[{"embeddable":true,"href":"https:\/\/openfields.ro\/ro\/wp-json\/wp\/v2\/comments?post=1065"}],"version-history":[{"count":0,"href":"https:\/\/openfields.ro\/ro\/wp-json\/wp\/v2\/pages\/1065\/revisions"}],"wp:attachment":[{"href":"https:\/\/openfields.ro\/ro\/wp-json\/wp\/v2\/media?parent=1065"}],"curies":[{"name":"wp","href":"https:\/\/api.w.org\/{rel}","templated":true}]}}