{"id":1173,"date":"2025-01-09T11:46:37","date_gmt":"2025-01-09T11:46:37","guid":{"rendered":"https:\/\/openfields.ro\/news\/"},"modified":"2025-02-13T11:15:14","modified_gmt":"2025-02-13T11:15:14","slug":"noutati","status":"publish","type":"page","link":"https:\/\/openfields.ro\/ro\/noutati\/","title":{"rendered":"Nout\u0103\u021bi"},"content":{"rendered":"\t\t<div data-elementor-type=\"wp-page\" data-elementor-id=\"1173\" class=\"elementor elementor-1173 elementor-29\">\n\t\t\t\t<div class=\"wd-negative-gap elementor-element elementor-element-05dfa74 e-flex e-con-boxed e-con e-parent\" data-id=\"05dfa74\" data-element_type=\"container\" data-e-type=\"container\">\n\t\t\t\t\t<div class=\"e-con-inner\">\n\t\t\t\t<div class=\"elementor-element elementor-element-072bca5 wd-width-100 elementor-widget elementor-widget-wd_blog\" data-id=\"072bca5\" data-element_type=\"widget\" data-e-type=\"widget\" data-widget_type=\"wd_blog.default\">\n\t\t\t\t<div class=\"elementor-widget-container\">\n\t\t\t\t\t\t\t\t\t\t\t\t<div class=\"wd-blog-element\">\n\t\t\t\t\t<div class=\"wd-posts wd-blog-holder wd-grid-g\" id=\"69f5c164b851d\" data-paged=\"1\" data-atts=\"{&quot;post_type&quot;:&quot;post&quot;,&quot;items_per_page&quot;:999,&quot;include&quot;:null,&quot;taxonomies&quot;:[&quot;47&quot;],&quot;offset&quot;:&quot;&quot;,&quot;orderby&quot;:&quot;date&quot;,&quot;order&quot;:&quot;DESC&quot;,&quot;meta_key&quot;:null,&quot;exclude&quot;:&quot;&quot;,&quot;parts_media&quot;:true,&quot;parts_title&quot;:&quot;1&quot;,&quot;parts_meta&quot;:&quot;&quot;,&quot;parts_text&quot;:&quot;1&quot;,&quot;parts_btn&quot;:&quot;1&quot;,&quot;img_size&quot;:&quot;full&quot;,&quot;blog_design&quot;:&quot;meta-image&quot;,&quot;blog_carousel_design&quot;:null,&quot;blog_columns&quot;:{&quot;unit&quot;:&quot;px&quot;,&quot;size&quot;:3,&quot;sizes&quot;:[]},&quot;blog_columns_tablet&quot;:{&quot;size&quot;:&quot;&quot;},&quot;blog_columns_mobile&quot;:{&quot;size&quot;:&quot;&quot;},&quot;blog_spacing&quot;:&quot;20&quot;,&quot;blog_spacing_tablet&quot;:&quot;&quot;,&quot;blog_spacing_mobile&quot;:&quot;&quot;,&quot;pagination&quot;:&quot;&quot;,&quot;speed&quot;:null,&quot;slides_per_view&quot;:null,&quot;slides_per_view_tablet&quot;:{&quot;size&quot;:&quot;&quot;},&quot;slides_per_view_mobile&quot;:{&quot;size&quot;:&quot;&quot;},&quot;wrap&quot;:null,&quot;autoplay&quot;:null,&quot;hide_pagination_control&quot;:null,&quot;hide_prev_next_buttons&quot;:null,&quot;scroll_per_page&quot;:null,&quot;lazy_loading&quot;:&quot;no&quot;,&quot;scroll_carousel_init&quot;:null,&quot;ajax_page&quot;:&quot;&quot;,&quot;custom_sizes&quot;:false,&quot;elementor&quot;:true}\" data-source=\"shortcode\" style=\"--wd-col-lg:3;--wd-col-md:3;--wd-col-sm:1;--wd-gap-lg:20px;--wd-gap-sm:10px;\">\n\t\t\t\n\t\t\t\t\t\t\t\t\t\t\t\t\t\t\n<article id=\"post-2074\" class=\"wd-post blog-design-meta-image blog-post-loop blog-style-bg wd-add-shadow wd-col post-2074 post type-post status-publish format-standard has-post-thumbnail hentry category-noutati\">\n\t\t\t<div class=\"wd-post-inner\">\n\t\n\t<div class=\"wd-post-thumb color-scheme-light\">\n\t\t\t\t\t<div class=\"wd-post-img\">\n\t\t\t\t<img fetchpriority=\"high\" decoding=\"async\" width=\"660\" height=\"440\" src=\"https:\/\/openfields.ro\/wp-content\/uploads\/2025\/02\/girls-with-educational-toys.jpg\" class=\"attachment-full size-full\" alt=\"\" srcset=\"https:\/\/openfields.ro\/wp-content\/uploads\/2025\/02\/girls-with-educational-toys.jpg 660w, https:\/\/openfields.ro\/wp-content\/uploads\/2025\/02\/girls-with-educational-toys-300x200.jpg 300w, https:\/\/openfields.ro\/wp-content\/uploads\/2025\/02\/girls-with-educational-toys-150x100.jpg 150w, https:\/\/openfields.ro\/wp-content\/uploads\/2025\/02\/girls-with-educational-toys-600x400.jpg 600w\" sizes=\"(max-width: 660px) 100vw, 660px\" \/>\t\t\t<\/div>\n\t\t\n\t\t\t\t<a class=\"wd-post-link wd-fill\" href=\"https:\/\/openfields.ro\/ro\/start-inscrieri-prescolari-ucrainieni-la-gradinita-cu-program-prelungit-camigo2\/\" rel=\"bookmark\" aria-label=\"Link on post Start \u00eenscrieri pre\u0219colari ucrainieni  la Gr\u0103dini\u021ba cu program prelungit Camigo2\"><\/a>\n\n\t\t\t<\/div>\n\n\t<div class=\"wd-post-content\">\n\t\t<div class=\"wd-post-entry-meta\">\n\t\t\t\n\t\t\t\n\t\t\t<div class=\"wd-modified-date\">\n\t\t\t\t\t\t<time class=\"updated\" datetime=\"2025-02-13T11:20:20+00:00\">\n\t\t\t13 februarie 2025\t\t<\/time>\n\t\t\t\t\t<\/div>\n\n\t\t\t<div class=\"wd-meta-date\">\n\t\t\t\t13 feb. 2025\t\t\t<\/div>\n\t\t<\/div>\n\n\t\t\t\t\t<h3 class=\"wd-entities-title title post-title\">\n\t\t\t\t<a href=\"https:\/\/openfields.ro\/ro\/start-inscrieri-prescolari-ucrainieni-la-gradinita-cu-program-prelungit-camigo2\/\" rel=\"bookmark\">\n\t\t\t\t\tStart \u00eenscrieri pre\u0219colari ucrainieni  la Gr\u0103dini\u021ba cu program prelungit Camigo2\t\t\t\t<\/a>\n\t\t\t<\/h3>\n\t\t\n\t\t\t\t\t<div class=\"wd-post-desc\">\n\t\t\t\t\t\t\t\t\t<p>str. Ilie M\u0103celaru nr. 1 A<\/p>\n\t\t\t\t\t\t\t<\/div>\n\t\t\n\t\t\t\t\t\t\t\t\t\t<div class=\"wd-read-more\">\n\t\t\t\t\t\t<a class=\"btn-read-more more-link\" href=\"https:\/\/openfields.ro\/ro\/start-inscrieri-prescolari-ucrainieni-la-gradinita-cu-program-prelungit-camigo2\/\">Cite\u0219te mai multe<\/a>\t\t\t\t\t<\/div>\n\t\t\t\t\t\t\t<\/div>\n\n\t\t\t<\/div>\n\t<\/article>\n\t\t\t\t\t\t\t\t\t\t\t\t\t\t\n<article id=\"post-1641\" class=\"wd-post blog-design-meta-image blog-post-loop blog-style-bg wd-add-shadow wd-col post-1641 post type-post status-publish format-standard has-post-thumbnail hentry category-noutati\">\n\t\t\t<div class=\"wd-post-inner\">\n\t\n\t<div class=\"wd-post-thumb color-scheme-light\">\n\t\t\t\t\t<div class=\"wd-post-img\">\n\t\t\t\t<img decoding=\"async\" width=\"1200\" height=\"800\" src=\"https:\/\/openfields.ro\/wp-content\/uploads\/2025\/02\/inscrieri-scoala.jpg\" class=\"attachment-full size-full\" alt=\"\" srcset=\"https:\/\/openfields.ro\/wp-content\/uploads\/2025\/02\/inscrieri-scoala.jpg 1200w, https:\/\/openfields.ro\/wp-content\/uploads\/2025\/02\/inscrieri-scoala-300x200.jpg 300w, https:\/\/openfields.ro\/wp-content\/uploads\/2025\/02\/inscrieri-scoala-150x100.jpg 150w, https:\/\/openfields.ro\/wp-content\/uploads\/2025\/02\/inscrieri-scoala-600x400.jpg 600w, https:\/\/openfields.ro\/wp-content\/uploads\/2025\/02\/inscrieri-scoala-768x512.jpg 768w, https:\/\/openfields.ro\/wp-content\/uploads\/2025\/02\/inscrieri-scoala-1024x683.jpg 1024w\" sizes=\"(max-width: 1200px) 100vw, 1200px\" \/>\t\t\t<\/div>\n\t\t\n\t\t\t\t<a class=\"wd-post-link wd-fill\" href=\"https:\/\/openfields.ro\/ro\/start-inscrieri-prescolari-ucrainieni-la-gradinita-cu-program-prelungit-camigo-2\/\" rel=\"bookmark\" aria-label=\"Link on post Start \u00eenscrieri pre\u0219colari ucrainieni  la Gr\u0103dini\u021ba cu program prelungit Camigo 2\"><\/a>\n\n\t\t\t<\/div>\n\n\t<div class=\"wd-post-content\">\n\t\t<div class=\"wd-post-entry-meta\">\n\t\t\t\n\t\t\t\n\t\t\t<div class=\"wd-modified-date\">\n\t\t\t\t\t\t<time class=\"updated\" datetime=\"2025-02-10T09:23:49+00:00\">\n\t\t\t10 februarie 2025\t\t<\/time>\n\t\t\t\t\t<\/div>\n\n\t\t\t<div class=\"wd-meta-date\">\n\t\t\t\t10 feb. 2025\t\t\t<\/div>\n\t\t<\/div>\n\n\t\t\t\t\t<h3 class=\"wd-entities-title title post-title\">\n\t\t\t\t<a href=\"https:\/\/openfields.ro\/ro\/start-inscrieri-prescolari-ucrainieni-la-gradinita-cu-program-prelungit-camigo-2\/\" rel=\"bookmark\">\n\t\t\t\t\tStart \u00eenscrieri pre\u0219colari ucrainieni  la Gr\u0103dini\u021ba cu program prelungit Camigo 2\t\t\t\t<\/a>\n\t\t\t<\/h3>\n\t\t\n\t\t\t\t\t<div class=\"wd-post-desc\">\n\t\t\t\t\t\t\t\t\t<p>str. Ilie M\u0103celaru nr. 1A<\/p>\n\t\t\t\t\t\t\t<\/div>\n\t\t\n\t\t\t\t\t\t\t\t\t\t<div class=\"wd-read-more\">\n\t\t\t\t\t\t<a class=\"btn-read-more more-link\" href=\"https:\/\/openfields.ro\/ro\/start-inscrieri-prescolari-ucrainieni-la-gradinita-cu-program-prelungit-camigo-2\/\">Cite\u0219te mai multe<\/a>\t\t\t\t\t<\/div>\n\t\t\t\t\t\t\t<\/div>\n\n\t\t\t<\/div>\n\t<\/article>\n\t\t\t\t\t\t\t\t\t\t\t\t\t\t\n<article id=\"post-1630\" class=\"wd-post blog-design-meta-image blog-post-loop blog-style-bg wd-add-shadow wd-col post-1630 post type-post status-publish format-standard has-post-thumbnail hentry category-noutati\">\n\t\t\t<div class=\"wd-post-inner\">\n\t\n\t<div class=\"wd-post-thumb color-scheme-light\">\n\t\t\t\t\t<div class=\"wd-post-img\">\n\t\t\t\t<img decoding=\"async\" width=\"416\" height=\"277\" src=\"https:\/\/openfields.ro\/wp-content\/uploads\/2025\/02\/gradinita-sighet.jpg\" class=\"attachment-full size-full\" alt=\"\" srcset=\"https:\/\/openfields.ro\/wp-content\/uploads\/2025\/02\/gradinita-sighet.jpg 416w, https:\/\/openfields.ro\/wp-content\/uploads\/2025\/02\/gradinita-sighet-300x200.jpg 300w, https:\/\/openfields.ro\/wp-content\/uploads\/2025\/02\/gradinita-sighet-150x100.jpg 150w\" sizes=\"(max-width: 416px) 100vw, 416px\" \/>\t\t\t<\/div>\n\t\t\n\t\t\t\t<a class=\"wd-post-link wd-fill\" href=\"https:\/\/openfields.ro\/ro\/inregistrarea-prescolarilor-ucraineni-la-gradinita-cu-program-prelungit-nr-9-sighetu-marmatiei\/\" rel=\"bookmark\" aria-label=\"Link on post \u00cenregistrarea pre\u0219colarilor ucraineni la gr\u0103dini\u021ba cu program prelungit Nr.9 Sighetu Marma\u021biei\"><\/a>\n\n\t\t\t<\/div>\n\n\t<div class=\"wd-post-content\">\n\t\t<div class=\"wd-post-entry-meta\">\n\t\t\t\n\t\t\t\n\t\t\t<div class=\"wd-modified-date\">\n\t\t\t\t\t\t<time class=\"updated\" datetime=\"2025-02-10T09:15:59+00:00\">\n\t\t\t10 februarie 2025\t\t<\/time>\n\t\t\t\t\t<\/div>\n\n\t\t\t<div class=\"wd-meta-date\">\n\t\t\t\t10 feb. 2025\t\t\t<\/div>\n\t\t<\/div>\n\n\t\t\t\t\t<h3 class=\"wd-entities-title title post-title\">\n\t\t\t\t<a href=\"https:\/\/openfields.ro\/ro\/inregistrarea-prescolarilor-ucraineni-la-gradinita-cu-program-prelungit-nr-9-sighetu-marmatiei\/\" rel=\"bookmark\">\n\t\t\t\t\t\u00cenregistrarea pre\u0219colarilor ucraineni la gr\u0103dini\u021ba cu program prelungit Nr.9 Sighetu Marma\u021biei\t\t\t\t<\/a>\n\t\t\t<\/h3>\n\t\t\n\t\t\t\t\t<div class=\"wd-post-desc\">\n\t\t\t\t\t\t\t\t\t<p>str. Gh. \u0218incai, nr.2<\/p>\n\t\t\t\t\t\t\t<\/div>\n\t\t\n\t\t\t\t\t\t\t\t\t\t<div class=\"wd-read-more\">\n\t\t\t\t\t\t<a class=\"btn-read-more more-link\" href=\"https:\/\/openfields.ro\/ro\/inregistrarea-prescolarilor-ucraineni-la-gradinita-cu-program-prelungit-nr-9-sighetu-marmatiei\/\">Cite\u0219te mai multe<\/a>\t\t\t\t\t<\/div>\n\t\t\t\t\t\t\t<\/div>\n\n\t\t\t<\/div>\n\t<\/article>\n\t\t\t\t\t\t\t\t\t\t\t\t\t\t\n<article id=\"post-1622\" class=\"wd-post blog-design-meta-image blog-post-loop blog-style-bg wd-add-shadow wd-col post-1622 post type-post status-publish format-standard has-post-thumbnail hentry category-noutati\">\n\t\t\t<div class=\"wd-post-inner\">\n\t\n\t<div class=\"wd-post-thumb color-scheme-light\">\n\t\t\t\t\t<div class=\"wd-post-img\">\n\t\t\t\t<img loading=\"lazy\" decoding=\"async\" width=\"660\" height=\"322\" src=\"https:\/\/openfields.ro\/wp-content\/uploads\/2025\/02\/maple-bear_bunaziua-macesului-33.jpg\" class=\"attachment-full size-full\" alt=\"\" srcset=\"https:\/\/openfields.ro\/wp-content\/uploads\/2025\/02\/maple-bear_bunaziua-macesului-33.jpg 660w, https:\/\/openfields.ro\/wp-content\/uploads\/2025\/02\/maple-bear_bunaziua-macesului-33-300x146.jpg 300w, https:\/\/openfields.ro\/wp-content\/uploads\/2025\/02\/maple-bear_bunaziua-macesului-33-150x73.jpg 150w, https:\/\/openfields.ro\/wp-content\/uploads\/2025\/02\/maple-bear_bunaziua-macesului-33-600x293.jpg 600w\" sizes=\"(max-width: 660px) 100vw, 660px\" \/>\t\t\t<\/div>\n\t\t\n\t\t\t\t<a class=\"wd-post-link wd-fill\" href=\"https:\/\/openfields.ro\/ro\/start-inscrieri-prescolari-ucrainieni-la-gradinita-cu-program-prelungit-paradisul-prichindeilor-cluj-napoca-2\/\" rel=\"bookmark\" aria-label=\"Link on post Start \u00eenscrieri pre\u0219colari ucrainieni  la Gr\u0103dini\u021ba cu program prelungit \u201cParadisul Prichindeilor\u201d  Cluj-Napoca\"><\/a>\n\n\t\t\t<\/div>\n\n\t<div class=\"wd-post-content\">\n\t\t<div class=\"wd-post-entry-meta\">\n\t\t\t\n\t\t\t\n\t\t\t<div class=\"wd-modified-date\">\n\t\t\t\t\t\t<time class=\"updated\" datetime=\"2025-02-09T17:42:10+00:00\">\n\t\t\t9 februarie 2025\t\t<\/time>\n\t\t\t\t\t<\/div>\n\n\t\t\t<div class=\"wd-meta-date\">\n\t\t\t\t09 feb. 2025\t\t\t<\/div>\n\t\t<\/div>\n\n\t\t\t\t\t<h3 class=\"wd-entities-title title post-title\">\n\t\t\t\t<a href=\"https:\/\/openfields.ro\/ro\/start-inscrieri-prescolari-ucrainieni-la-gradinita-cu-program-prelungit-paradisul-prichindeilor-cluj-napoca-2\/\" rel=\"bookmark\">\n\t\t\t\t\tStart \u00eenscrieri pre\u0219colari ucrainieni  la Gr\u0103dini\u021ba cu program prelungit \u201cParadisul Prichindeilor\u201d  Cluj-Napoca\t\t\t\t<\/a>\n\t\t\t<\/h3>\n\t\t\n\t\t\t\t\t<div class=\"wd-post-desc\">\n\t\t\t\t\t\t\t\t\tstrada M\u0103ce\u0219ului, nr. 3, Cluj-Napoca, jud. ClujFunda\u021bia Open Fields lanseaz\u0103 \u00eenscrierea gratuit\u0103 \u00een gr\u0103dini\u021be cu program prelungit a copiilor ucrainieni cu v\u00e2rste \u00eentre 3 \u0219i 5 ani, \u00een cadrul proiectului...\t\t\t\t\t\t\t<\/div>\n\t\t\n\t\t\t\t\t\t\t\t\t\t<div class=\"wd-read-more\">\n\t\t\t\t\t\t<a class=\"btn-read-more more-link\" href=\"https:\/\/openfields.ro\/ro\/start-inscrieri-prescolari-ucrainieni-la-gradinita-cu-program-prelungit-paradisul-prichindeilor-cluj-napoca-2\/\">Cite\u0219te mai multe<\/a>\t\t\t\t\t<\/div>\n\t\t\t\t\t\t\t<\/div>\n\n\t\t\t<\/div>\n\t<\/article>\n\t\t\t\t\t\t\t\t\t\t\t\t\t\t\n<article id=\"post-1614\" class=\"wd-post blog-design-meta-image blog-post-loop blog-style-bg wd-add-shadow wd-col post-1614 post type-post status-publish format-standard has-post-thumbnail hentry category-noutati\">\n\t\t\t<div class=\"wd-post-inner\">\n\t\n\t<div class=\"wd-post-thumb color-scheme-light\">\n\t\t\t\t\t<div class=\"wd-post-img\">\n\t\t\t\t<img loading=\"lazy\" decoding=\"async\" width=\"660\" height=\"440\" src=\"https:\/\/openfields.ro\/wp-content\/uploads\/2025\/02\/maple-bear_bri\u0302ncoveanu-31-of-40-1-1200x800-1.jpg\" class=\"attachment-full size-full\" alt=\"\" srcset=\"https:\/\/openfields.ro\/wp-content\/uploads\/2025\/02\/maple-bear_bri\u0302ncoveanu-31-of-40-1-1200x800-1.jpg 660w, https:\/\/openfields.ro\/wp-content\/uploads\/2025\/02\/maple-bear_bri\u0302ncoveanu-31-of-40-1-1200x800-1-300x200.jpg 300w, https:\/\/openfields.ro\/wp-content\/uploads\/2025\/02\/maple-bear_bri\u0302ncoveanu-31-of-40-1-1200x800-1-150x100.jpg 150w, https:\/\/openfields.ro\/wp-content\/uploads\/2025\/02\/maple-bear_bri\u0302ncoveanu-31-of-40-1-1200x800-1-600x400.jpg 600w\" sizes=\"(max-width: 660px) 100vw, 660px\" \/>\t\t\t<\/div>\n\t\t\n\t\t\t\t<a class=\"wd-post-link wd-fill\" href=\"https:\/\/openfields.ro\/ro\/start-inscrieri-prescolari-ucrainieni-la-gradinita-cu-program-prelungit-paradisul-prichindeilor-cluj-napoca\/\" rel=\"bookmark\" aria-label=\"Link on post Start \u00eenscrieri pre\u0219colari ucrainieni  la Gr\u0103dini\u021ba cu program prelungit \u201cParadisul Prichindeilor\u201d  Cluj-Napoca\"><\/a>\n\n\t\t\t<\/div>\n\n\t<div class=\"wd-post-content\">\n\t\t<div class=\"wd-post-entry-meta\">\n\t\t\t\n\t\t\t\n\t\t\t<div class=\"wd-modified-date\">\n\t\t\t\t\t\t<time class=\"updated\" datetime=\"2025-02-09T17:39:19+00:00\">\n\t\t\t9 februarie 2025\t\t<\/time>\n\t\t\t\t\t<\/div>\n\n\t\t\t<div class=\"wd-meta-date\">\n\t\t\t\t09 feb. 2025\t\t\t<\/div>\n\t\t<\/div>\n\n\t\t\t\t\t<h3 class=\"wd-entities-title title post-title\">\n\t\t\t\t<a href=\"https:\/\/openfields.ro\/ro\/start-inscrieri-prescolari-ucrainieni-la-gradinita-cu-program-prelungit-paradisul-prichindeilor-cluj-napoca\/\" rel=\"bookmark\">\n\t\t\t\t\tStart \u00eenscrieri pre\u0219colari ucrainieni  la Gr\u0103dini\u021ba cu program prelungit \u201cParadisul Prichindeilor\u201d  Cluj-Napoca\t\t\t\t<\/a>\n\t\t\t<\/h3>\n\t\t\n\t\t\t\t\t<div class=\"wd-post-desc\">\n\t\t\t\t\t\t\t\t\tstrada C. Br\u00e2ncoveanu, nr. 22, Cluj-Napoca, jud. ClujFunda\u021bia Open Fields lanseaz\u0103 \u00eenscrierea gratuit\u0103 \u00een gr\u0103dini\u021be cu program prelungit a copiilor ucrainieni cu v\u00e2rste \u00eentre 3 \u0219i 5 ani, \u00een cadrul...\t\t\t\t\t\t\t<\/div>\n\t\t\n\t\t\t\t\t\t\t\t\t\t<div class=\"wd-read-more\">\n\t\t\t\t\t\t<a class=\"btn-read-more more-link\" href=\"https:\/\/openfields.ro\/ro\/start-inscrieri-prescolari-ucrainieni-la-gradinita-cu-program-prelungit-paradisul-prichindeilor-cluj-napoca\/\">Cite\u0219te mai multe<\/a>\t\t\t\t\t<\/div>\n\t\t\t\t\t\t\t<\/div>\n\n\t\t\t<\/div>\n\t<\/article>\n\t\t\t\t\t\t\t\t\t\t\t\t\t\t\n<article id=\"post-1602\" class=\"wd-post blog-design-meta-image blog-post-loop blog-style-bg wd-add-shadow wd-col post-1602 post type-post status-publish format-standard has-post-thumbnail hentry category-noutati\">\n\t\t\t<div class=\"wd-post-inner\">\n\t\n\t<div class=\"wd-post-thumb color-scheme-light\">\n\t\t\t\t\t<div class=\"wd-post-img\">\n\t\t\t\t<img loading=\"lazy\" decoding=\"async\" width=\"1600\" height=\"1007\" src=\"https:\/\/openfields.ro\/wp-content\/uploads\/2025\/02\/mg_0037.jpg\" class=\"attachment-full size-full\" alt=\"\" srcset=\"https:\/\/openfields.ro\/wp-content\/uploads\/2025\/02\/mg_0037.jpg 1600w, https:\/\/openfields.ro\/wp-content\/uploads\/2025\/02\/mg_0037-300x189.jpg 300w, https:\/\/openfields.ro\/wp-content\/uploads\/2025\/02\/mg_0037-150x94.jpg 150w, https:\/\/openfields.ro\/wp-content\/uploads\/2025\/02\/mg_0037-600x378.jpg 600w, https:\/\/openfields.ro\/wp-content\/uploads\/2025\/02\/mg_0037-768x483.jpg 768w, https:\/\/openfields.ro\/wp-content\/uploads\/2025\/02\/mg_0037-1024x644.jpg 1024w, https:\/\/openfields.ro\/wp-content\/uploads\/2025\/02\/mg_0037-1536x967.jpg 1536w\" sizes=\"(max-width: 1600px) 100vw, 1600px\" \/>\t\t\t<\/div>\n\t\t\n\t\t\t\t<a class=\"wd-post-link wd-fill\" href=\"https:\/\/openfields.ro\/ro\/ultima-suta-de-metri-ne-pregatim-de-zor-sa-lansam-magazinul-online-nord-natural\/\" rel=\"bookmark\" aria-label=\"Link on post Ultima sut\u0103 de metri! Ne preg\u0103tim de zor s\u0103 lans\u0103m magazinul online Nord Natural.\"><\/a>\n\n\t\t\t<\/div>\n\n\t<div class=\"wd-post-content\">\n\t\t<div class=\"wd-post-entry-meta\">\n\t\t\t\n\t\t\t\n\t\t\t<div class=\"wd-modified-date\">\n\t\t\t\t\t\t<time class=\"updated\" datetime=\"2025-02-09T17:34:05+00:00\">\n\t\t\t9 februarie 2025\t\t<\/time>\n\t\t\t\t\t<\/div>\n\n\t\t\t<div class=\"wd-meta-date\">\n\t\t\t\t09 feb. 2025\t\t\t<\/div>\n\t\t<\/div>\n\n\t\t\t\t\t<h3 class=\"wd-entities-title title post-title\">\n\t\t\t\t<a href=\"https:\/\/openfields.ro\/ro\/ultima-suta-de-metri-ne-pregatim-de-zor-sa-lansam-magazinul-online-nord-natural\/\" rel=\"bookmark\">\n\t\t\t\t\tUltima sut\u0103 de metri! Ne preg\u0103tim de zor s\u0103 lans\u0103m magazinul online Nord Natural.\t\t\t\t<\/a>\n\t\t\t<\/h3>\n\t\t\n\t\t\t\t\t<div class=\"wd-post-desc\">\n\t\t\t\t\t\t\t\t\tProduse tradi\u0163ionale din Bucovina, atent selec\u0163ionate au fost fotografiate \u015fi a\u015fteapt\u0103 s\u0103 ajung\u0103 \u00een c\u00e2t mai multe case din Rom\u00e2nia.\t\t\t\t\t\t\t<\/div>\n\t\t\n\t\t\t\t\t\t\t\t\t\t<div class=\"wd-read-more\">\n\t\t\t\t\t\t<a class=\"btn-read-more more-link\" href=\"https:\/\/openfields.ro\/ro\/ultima-suta-de-metri-ne-pregatim-de-zor-sa-lansam-magazinul-online-nord-natural\/\">Cite\u0219te mai multe<\/a>\t\t\t\t\t<\/div>\n\t\t\t\t\t\t\t<\/div>\n\n\t\t\t<\/div>\n\t<\/article>\n\t\t\t\t\t\t\t\t\t\t\t\t\t\t\n<article id=\"post-1579\" class=\"wd-post blog-design-meta-image blog-post-loop blog-style-bg wd-add-shadow wd-col post-1579 post type-post status-publish format-standard has-post-thumbnail hentry category-noutati\">\n\t\t\t<div class=\"wd-post-inner\">\n\t\n\t<div class=\"wd-post-thumb color-scheme-light\">\n\t\t\t\t\t<div class=\"wd-post-img\">\n\t\t\t\t<img loading=\"lazy\" decoding=\"async\" width=\"1200\" height=\"800\" src=\"https:\/\/openfields.ro\/wp-content\/uploads\/2025\/02\/vaci.jpg\" class=\"attachment-full size-full\" alt=\"\" srcset=\"https:\/\/openfields.ro\/wp-content\/uploads\/2025\/02\/vaci.jpg 1200w, https:\/\/openfields.ro\/wp-content\/uploads\/2025\/02\/vaci-300x200.jpg 300w, https:\/\/openfields.ro\/wp-content\/uploads\/2025\/02\/vaci-150x100.jpg 150w, https:\/\/openfields.ro\/wp-content\/uploads\/2025\/02\/vaci-600x400.jpg 600w, https:\/\/openfields.ro\/wp-content\/uploads\/2025\/02\/vaci-768x512.jpg 768w, https:\/\/openfields.ro\/wp-content\/uploads\/2025\/02\/vaci-1024x683.jpg 1024w\" sizes=\"(max-width: 1200px) 100vw, 1200px\" \/>\t\t\t<\/div>\n\t\t\n\t\t\t\t<a class=\"wd-post-link wd-fill\" href=\"https:\/\/openfields.ro\/ro\/vaci-de-lapte-pentru-familii-nevoiase-din-transilvania\/\" rel=\"bookmark\" aria-label=\"Link on post Vaci de lapte pentru familii nevoia\u015fe din Transilvania\"><\/a>\n\n\t\t\t<\/div>\n\n\t<div class=\"wd-post-content\">\n\t\t<div class=\"wd-post-entry-meta\">\n\t\t\t\n\t\t\t\n\t\t\t<div class=\"wd-modified-date\">\n\t\t\t\t\t\t<time class=\"updated\" datetime=\"2025-02-09T17:29:16+00:00\">\n\t\t\t9 februarie 2025\t\t<\/time>\n\t\t\t\t\t<\/div>\n\n\t\t\t<div class=\"wd-meta-date\">\n\t\t\t\t09 feb. 2025\t\t\t<\/div>\n\t\t<\/div>\n\n\t\t\t\t\t<h3 class=\"wd-entities-title title post-title\">\n\t\t\t\t<a href=\"https:\/\/openfields.ro\/ro\/vaci-de-lapte-pentru-familii-nevoiase-din-transilvania\/\" rel=\"bookmark\">\n\t\t\t\t\tVaci de lapte pentru familii nevoia\u015fe din Transilvania\t\t\t\t<\/a>\n\t\t\t<\/h3>\n\t\t\n\t\t\t\t\t<div class=\"wd-post-desc\">\n\t\t\t\t\t\t\t\t\t<p>14 -15 Decembrie 2017, junincile irlandeze \u00ee\u015fi \u00eent\u00e2lnesc noile lor familii \u00een cadrul proiectului \u201eVaci de lapte pentru familii nevoia\u015fe din Transilvania\u201d<\/p>\n\t\t\t\t\t\t\t<\/div>\n\t\t\n\t\t\t\t\t\t\t\t\t\t<div class=\"wd-read-more\">\n\t\t\t\t\t\t<a class=\"btn-read-more more-link\" href=\"https:\/\/openfields.ro\/ro\/vaci-de-lapte-pentru-familii-nevoiase-din-transilvania\/\">Cite\u0219te mai multe<\/a>\t\t\t\t\t<\/div>\n\t\t\t\t\t\t\t<\/div>\n\n\t\t\t<\/div>\n\t<\/article>\n\t\t\t\t\t\t\t\t\t\t\t\t\t\t\n<article id=\"post-1573\" class=\"wd-post blog-design-meta-image blog-post-loop blog-style-bg wd-add-shadow wd-col post-1573 post type-post status-publish format-standard has-post-thumbnail hentry category-noutati\">\n\t\t\t<div class=\"wd-post-inner\">\n\t\n\t<div class=\"wd-post-thumb color-scheme-light\">\n\t\t\t\t\t<div class=\"wd-post-img\">\n\t\t\t\t<img loading=\"lazy\" decoding=\"async\" width=\"1600\" height=\"1067\" src=\"https:\/\/openfields.ro\/wp-content\/uploads\/2025\/02\/img_2357a.jpg\" class=\"attachment-full size-full\" alt=\"\" srcset=\"https:\/\/openfields.ro\/wp-content\/uploads\/2025\/02\/img_2357a.jpg 1600w, https:\/\/openfields.ro\/wp-content\/uploads\/2025\/02\/img_2357a-300x200.jpg 300w, https:\/\/openfields.ro\/wp-content\/uploads\/2025\/02\/img_2357a-150x100.jpg 150w, https:\/\/openfields.ro\/wp-content\/uploads\/2025\/02\/img_2357a-600x400.jpg 600w, https:\/\/openfields.ro\/wp-content\/uploads\/2025\/02\/img_2357a-768x512.jpg 768w, https:\/\/openfields.ro\/wp-content\/uploads\/2025\/02\/img_2357a-1024x683.jpg 1024w, https:\/\/openfields.ro\/wp-content\/uploads\/2025\/02\/img_2357a-1536x1024.jpg 1536w\" sizes=\"(max-width: 1600px) 100vw, 1600px\" \/>\t\t\t<\/div>\n\t\t\n\t\t\t\t<a class=\"wd-post-link wd-fill\" href=\"https:\/\/openfields.ro\/ro\/nord-natural-hub-deschiderea-oficiala-28-noiembrie-2017\/\" rel=\"bookmark\" aria-label=\"Link on post NORD NATURAL HUB &#8211; Deschidere oficial\u0103, 28 noiembrie 2017\"><\/a>\n\n\t\t\t<\/div>\n\n\t<div class=\"wd-post-content\">\n\t\t<div class=\"wd-post-entry-meta\">\n\t\t\t\n\t\t\t\n\t\t\t<div class=\"wd-modified-date\">\n\t\t\t\t\t\t<time class=\"updated\" datetime=\"2025-10-23T07:20:47+00:00\">\n\t\t\t23 octombrie 2025\t\t<\/time>\n\t\t\t\t\t<\/div>\n\n\t\t\t<div class=\"wd-meta-date\">\n\t\t\t\t09 feb. 2025\t\t\t<\/div>\n\t\t<\/div>\n\n\t\t\t\t\t<h3 class=\"wd-entities-title title post-title\">\n\t\t\t\t<a href=\"https:\/\/openfields.ro\/ro\/nord-natural-hub-deschiderea-oficiala-28-noiembrie-2017\/\" rel=\"bookmark\">\n\t\t\t\t\tNORD NATURAL HUB &#8211; Deschidere oficial\u0103, 28 noiembrie 2017\t\t\t\t<\/a>\n\t\t\t<\/h3>\n\t\t\n\t\t\t\t\t<div class=\"wd-post-desc\">\n\t\t\t\t\t\t\t\t\tPe 28 noiembrie 2017, \u00een Valea Putnei din Bucovina, \u00eenconjura\u0163i de un peisajul idilic acoperit de z\u0103pad\u0103, am g\u0103zduit deschiderea oficial\u0103 a punctului de lucru Nord Natural Hub. Partenerii no\u0219tri...\t\t\t\t\t\t\t<\/div>\n\t\t\n\t\t\t\t\t\t\t\t\t\t<div class=\"wd-read-more\">\n\t\t\t\t\t\t<a class=\"btn-read-more more-link\" href=\"https:\/\/openfields.ro\/ro\/nord-natural-hub-deschiderea-oficiala-28-noiembrie-2017\/\">Cite\u0219te mai multe<\/a>\t\t\t\t\t<\/div>\n\t\t\t\t\t\t\t<\/div>\n\n\t\t\t<\/div>\n\t<\/article>\n\t\t\t\t\t\t\t\t\t\t\t\t\t\t\n<article id=\"post-1540\" class=\"wd-post blog-design-meta-image blog-post-loop blog-style-bg wd-add-shadow wd-col post-1540 post type-post status-publish format-standard has-post-thumbnail hentry category-noutati\">\n\t\t\t<div class=\"wd-post-inner\">\n\t\n\t<div class=\"wd-post-thumb color-scheme-light\">\n\t\t\t\t\t<div class=\"wd-post-img\">\n\t\t\t\t<img loading=\"lazy\" decoding=\"async\" width=\"1600\" height=\"1067\" src=\"https:\/\/openfields.ro\/wp-content\/uploads\/2025\/02\/vacute-la-caminul-felix-e1739120024608.jpg\" class=\"attachment-full size-full\" alt=\"\" srcset=\"https:\/\/openfields.ro\/wp-content\/uploads\/2025\/02\/vacute-la-caminul-felix-e1739120024608.jpg 1600w, https:\/\/openfields.ro\/wp-content\/uploads\/2025\/02\/vacute-la-caminul-felix-e1739120024608-300x200.jpg 300w, https:\/\/openfields.ro\/wp-content\/uploads\/2025\/02\/vacute-la-caminul-felix-e1739120024608-150x100.jpg 150w, https:\/\/openfields.ro\/wp-content\/uploads\/2025\/02\/vacute-la-caminul-felix-e1739120024608-600x400.jpg 600w, https:\/\/openfields.ro\/wp-content\/uploads\/2025\/02\/vacute-la-caminul-felix-e1739120024608-768x512.jpg 768w, https:\/\/openfields.ro\/wp-content\/uploads\/2025\/02\/vacute-la-caminul-felix-e1739120024608-1024x683.jpg 1024w, https:\/\/openfields.ro\/wp-content\/uploads\/2025\/02\/vacute-la-caminul-felix-e1739120024608-1536x1024.jpg 1536w\" sizes=\"(max-width: 1600px) 100vw, 1600px\" \/>\t\t\t<\/div>\n\t\t\n\t\t\t\t<a class=\"wd-post-link wd-fill\" href=\"https:\/\/openfields.ro\/ro\/68-de-vacute-irlandeze-sosesc-in-romania\/\" rel=\"bookmark\" aria-label=\"Link on post 68 de vacu\u0163e irlandeze sosesc \u00een Rom\u00e2nia\"><\/a>\n\n\t\t\t<\/div>\n\n\t<div class=\"wd-post-content\">\n\t\t<div class=\"wd-post-entry-meta\">\n\t\t\t\n\t\t\t\n\t\t\t<div class=\"wd-modified-date\">\n\t\t\t\t\t\t<time class=\"updated\" datetime=\"2025-02-09T16:54:07+00:00\">\n\t\t\t9 februarie 2025\t\t<\/time>\n\t\t\t\t\t<\/div>\n\n\t\t\t<div class=\"wd-meta-date\">\n\t\t\t\t09 feb. 2025\t\t\t<\/div>\n\t\t<\/div>\n\n\t\t\t\t\t<h3 class=\"wd-entities-title title post-title\">\n\t\t\t\t<a href=\"https:\/\/openfields.ro\/ro\/68-de-vacute-irlandeze-sosesc-in-romania\/\" rel=\"bookmark\">\n\t\t\t\t\t68 de vacu\u0163e irlandeze sosesc \u00een Rom\u00e2nia\t\t\t\t<\/a>\n\t\t\t<\/h3>\n\t\t\n\t\t\t\t\t<div class=\"wd-post-desc\">\n\t\t\t\t\t\t\t\t\tOn a cold evening of November 20, 2017, after a long and tiring journey, 68 pregnant Irish heifers arrived in Romania, sent by some farmers with a warm heart and...\t\t\t\t\t\t\t<\/div>\n\t\t\n\t\t\t\t\t\t\t\t\t\t<div class=\"wd-read-more\">\n\t\t\t\t\t\t<a class=\"btn-read-more more-link\" href=\"https:\/\/openfields.ro\/ro\/68-de-vacute-irlandeze-sosesc-in-romania\/\">Cite\u0219te mai multe<\/a>\t\t\t\t\t<\/div>\n\t\t\t\t\t\t\t<\/div>\n\n\t\t\t<\/div>\n\t<\/article>\n\t\t\t\t\t\t\t\t\t\t\t\t\t\t\n<article id=\"post-1512\" class=\"wd-post blog-design-meta-image blog-post-loop blog-style-bg wd-add-shadow wd-col post-1512 post type-post status-publish format-standard has-post-thumbnail hentry category-noutati\">\n\t\t\t<div class=\"wd-post-inner\">\n\t\n\t<div class=\"wd-post-thumb color-scheme-light\">\n\t\t\t\t\t<div class=\"wd-post-img\">\n\t\t\t\t<img loading=\"lazy\" decoding=\"async\" width=\"1200\" height=\"800\" src=\"https:\/\/openfields.ro\/wp-content\/uploads\/2025\/02\/img_9559.jpg\" class=\"attachment-full size-full\" alt=\"\" srcset=\"https:\/\/openfields.ro\/wp-content\/uploads\/2025\/02\/img_9559.jpg 1200w, https:\/\/openfields.ro\/wp-content\/uploads\/2025\/02\/img_9559-300x200.jpg 300w, https:\/\/openfields.ro\/wp-content\/uploads\/2025\/02\/img_9559-150x100.jpg 150w, https:\/\/openfields.ro\/wp-content\/uploads\/2025\/02\/img_9559-600x400.jpg 600w, https:\/\/openfields.ro\/wp-content\/uploads\/2025\/02\/img_9559-768x512.jpg 768w, https:\/\/openfields.ro\/wp-content\/uploads\/2025\/02\/img_9559-1024x683.jpg 1024w\" sizes=\"(max-width: 1200px) 100vw, 1200px\" \/>\t\t\t<\/div>\n\t\t\n\t\t\t\t<a class=\"wd-post-link wd-fill\" href=\"https:\/\/openfields.ro\/ro\/open-fields-isi-continua-misiunea-prin-parteneriatul-strategic-cu-bothar\/\" rel=\"bookmark\" aria-label=\"Link on post Open Fields \u00ee\u015fi continu\u0103 misiunea prin parteneriatul strategic cu B\u00f3thar\"><\/a>\n\n\t\t\t<\/div>\n\n\t<div class=\"wd-post-content\">\n\t\t<div class=\"wd-post-entry-meta\">\n\t\t\t\n\t\t\t\n\t\t\t<div class=\"wd-modified-date\">\n\t\t\t\t\t\t<time class=\"updated\" datetime=\"2025-02-07T15:16:28+00:00\">\n\t\t\t7 februarie 2025\t\t<\/time>\n\t\t\t\t\t<\/div>\n\n\t\t\t<div class=\"wd-meta-date\">\n\t\t\t\t07 feb. 2025\t\t\t<\/div>\n\t\t<\/div>\n\n\t\t\t\t\t<h3 class=\"wd-entities-title title post-title\">\n\t\t\t\t<a href=\"https:\/\/openfields.ro\/ro\/open-fields-isi-continua-misiunea-prin-parteneriatul-strategic-cu-bothar\/\" rel=\"bookmark\">\n\t\t\t\t\tOpen Fields \u00ee\u015fi continu\u0103 misiunea prin parteneriatul strategic cu B\u00f3thar\t\t\t\t<\/a>\n\t\t\t<\/h3>\n\t\t\n\t\t\t\t\t<div class=\"wd-post-desc\">\n\t\t\t\t\t\t\t\t\tOpen Fields lucreaz\u0103 \u00een parteneriat cu comunit\u0103\u021bile \u0219i alte organiza\u021bii conexe pentru a crea un impact durabil, pentru a inspira \u0219i sus\u0163ine oamenii s\u0103 fac\u0103 schimb\u0103ri personale pentru o lume...\t\t\t\t\t\t\t<\/div>\n\t\t\n\t\t\t\t\t\t\t\t\t\t<div class=\"wd-read-more\">\n\t\t\t\t\t\t<a class=\"btn-read-more more-link\" href=\"https:\/\/openfields.ro\/ro\/open-fields-isi-continua-misiunea-prin-parteneriatul-strategic-cu-bothar\/\">Cite\u0219te mai multe<\/a>\t\t\t\t\t<\/div>\n\t\t\t\t\t\t\t<\/div>\n\n\t\t\t<\/div>\n\t<\/article>\n\t\t\t\t\t\t\t\t\t\t\t\t\t\t\n<article id=\"post-1432\" class=\"wd-post blog-design-meta-image blog-post-loop blog-style-bg wd-add-shadow wd-col post-1432 post type-post status-publish format-standard has-post-thumbnail hentry category-noutati\">\n\t\t\t<div class=\"wd-post-inner\">\n\t\n\t<div class=\"wd-post-thumb color-scheme-light\">\n\t\t\t\t\t<div class=\"wd-post-img\">\n\t\t\t\t<img loading=\"lazy\" decoding=\"async\" width=\"588\" height=\"392\" src=\"https:\/\/openfields.ro\/wp-content\/uploads\/2025\/02\/28529097321_5ed5381845_o-1.jpg\" class=\"attachment-full size-full\" alt=\"\" srcset=\"https:\/\/openfields.ro\/wp-content\/uploads\/2025\/02\/28529097321_5ed5381845_o-1.jpg 588w, https:\/\/openfields.ro\/wp-content\/uploads\/2025\/02\/28529097321_5ed5381845_o-1-300x200.jpg 300w, https:\/\/openfields.ro\/wp-content\/uploads\/2025\/02\/28529097321_5ed5381845_o-1-150x100.jpg 150w\" sizes=\"(max-width: 588px) 100vw, 588px\" \/>\t\t\t<\/div>\n\t\t\n\t\t\t\t<a class=\"wd-post-link wd-fill\" href=\"https:\/\/openfields.ro\/ro\/parteneriate-cu-universitati-americane\/\" rel=\"bookmark\" aria-label=\"Link on post Parteneriate cu Universit\u0103\u0163i Americane\"><\/a>\n\n\t\t\t<\/div>\n\n\t<div class=\"wd-post-content\">\n\t\t<div class=\"wd-post-entry-meta\">\n\t\t\t\n\t\t\t\n\t\t\t<div class=\"wd-modified-date\">\n\t\t\t\t\t\t<time class=\"updated\" datetime=\"2025-02-13T11:22:11+00:00\">\n\t\t\t13 februarie 2025\t\t<\/time>\n\t\t\t\t\t<\/div>\n\n\t\t\t<div class=\"wd-meta-date\">\n\t\t\t\t07 feb. 2025\t\t\t<\/div>\n\t\t<\/div>\n\n\t\t\t\t\t<h3 class=\"wd-entities-title title post-title\">\n\t\t\t\t<a href=\"https:\/\/openfields.ro\/ro\/parteneriate-cu-universitati-americane\/\" rel=\"bookmark\">\n\t\t\t\t\tParteneriate cu Universit\u0103\u0163i Americane\t\t\t\t<\/a>\n\t\t\t<\/h3>\n\t\t\n\t\t\t\t\t<div class=\"wd-post-desc\">\n\t\t\t\t\t\t\t\t\tOpen Fields a continuat s\u0103 consolideze parteneriatele existente cu universit\u0103\u021bile americane, cum ar fi Universitatea din Georgia \u0219i Universitatea Purdue\r\n\u00cen mai 2016, un grup de studen\u021bi din cadrul Universit\u0103\u021bii din...\t\t\t\t\t\t\t<\/div>\n\t\t\n\t\t\t\t\t\t\t\t\t\t<div class=\"wd-read-more\">\n\t\t\t\t\t\t<a class=\"btn-read-more more-link\" href=\"https:\/\/openfields.ro\/ro\/parteneriate-cu-universitati-americane\/\">Cite\u0219te mai multe<\/a>\t\t\t\t\t<\/div>\n\t\t\t\t\t\t\t<\/div>\n\n\t\t\t<\/div>\n\t<\/article>\n\t\t\t\t\t\t\t\t\t\t\t\t\t\t\n<article id=\"post-1405\" class=\"wd-post blog-design-meta-image blog-post-loop blog-style-bg wd-add-shadow wd-col post-1405 post type-post status-publish format-standard has-post-thumbnail hentry category-noutati\">\n\t\t\t<div class=\"wd-post-inner\">\n\t\n\t<div class=\"wd-post-thumb color-scheme-light\">\n\t\t\t\t\t<div class=\"wd-post-img\">\n\t\t\t\t<img loading=\"lazy\" decoding=\"async\" width=\"1169\" height=\"751\" src=\"https:\/\/openfields.ro\/wp-content\/uploads\/2025\/02\/irish-farmers-2.jpg\" class=\"attachment-full size-full\" alt=\"\" srcset=\"https:\/\/openfields.ro\/wp-content\/uploads\/2025\/02\/irish-farmers-2.jpg 1169w, https:\/\/openfields.ro\/wp-content\/uploads\/2025\/02\/irish-farmers-2-300x193.jpg 300w, https:\/\/openfields.ro\/wp-content\/uploads\/2025\/02\/irish-farmers-2-150x96.jpg 150w, https:\/\/openfields.ro\/wp-content\/uploads\/2025\/02\/irish-farmers-2-600x385.jpg 600w, https:\/\/openfields.ro\/wp-content\/uploads\/2025\/02\/irish-farmers-2-768x493.jpg 768w, https:\/\/openfields.ro\/wp-content\/uploads\/2025\/02\/irish-farmers-2-1024x658.jpg 1024w\" sizes=\"(max-width: 1169px) 100vw, 1169px\" \/>\t\t\t<\/div>\n\t\t\n\t\t\t\t<a class=\"wd-post-link wd-fill\" href=\"https:\/\/openfields.ro\/ro\/vizita-fermierilor-irlandezi\/\" rel=\"bookmark\" aria-label=\"Link on post Vizita fermierilor Irlandezi\"><\/a>\n\n\t\t\t<\/div>\n\n\t<div class=\"wd-post-content\">\n\t\t<div class=\"wd-post-entry-meta\">\n\t\t\t\n\t\t\t\n\t\t\t<div class=\"wd-modified-date\">\n\t\t\t\t\t\t<time class=\"updated\" datetime=\"2025-02-07T11:03:17+00:00\">\n\t\t\t7 februarie 2025\t\t<\/time>\n\t\t\t\t\t<\/div>\n\n\t\t\t<div class=\"wd-meta-date\">\n\t\t\t\t07 feb. 2025\t\t\t<\/div>\n\t\t<\/div>\n\n\t\t\t\t\t<h3 class=\"wd-entities-title title post-title\">\n\t\t\t\t<a href=\"https:\/\/openfields.ro\/ro\/vizita-fermierilor-irlandezi\/\" rel=\"bookmark\">\n\t\t\t\t\tVizita fermierilor Irlandezi\t\t\t\t<\/a>\n\t\t\t<\/h3>\n\t\t\n\t\t\t\t\t<div class=\"wd-post-desc\">\n\t\t\t\t\t\t\t\t\tB\u00f3thar este o organiza\u021bie irlandez\u0103 care ajut\u0103 familiile nevoia\u0219e s\u0103 dep\u0103\u0219easc\u0103 foamea, malnutri\u021bia \u0219i s\u0103r\u0103cia \u00eentr-o manier\u0103 simpl\u0103 \u0219i durabil\u0103: cre\u0219terea animalelor. Darul viu reprezentat de un animal de ferm\u0103...\t\t\t\t\t\t\t<\/div>\n\t\t\n\t\t\t\t\t\t\t\t\t\t<div class=\"wd-read-more\">\n\t\t\t\t\t\t<a class=\"btn-read-more more-link\" href=\"https:\/\/openfields.ro\/ro\/vizita-fermierilor-irlandezi\/\">Cite\u0219te mai multe<\/a>\t\t\t\t\t<\/div>\n\t\t\t\t\t\t\t<\/div>\n\n\t\t\t<\/div>\n\t<\/article>\n\t\t\t\t\n\t\t\t\t\t\t\t\t<\/div>\n\t\t\t\n\t\t\t\t\t\t\t\t\t\t<\/div>\n\t\t\t\t\t\t\t\t\t\t<\/div>\n\t\t\t\t<\/div>\n\t\t\t\t\t<\/div>\n\t\t\t\t<\/div>\n\t\t\t\t<\/div>\n\t\t","protected":false},"excerpt":{"rendered":"<p>februarie 10, 2025 10 feb. 2025 Start \u00eenscrieri pre\u0219colari ucrainieni la Gr\u0103dini\u021ba cu program prelungit Camigo 2 str. Ilie M\u0103celaru<\/p>\n","protected":false},"author":1,"featured_media":0,"parent":0,"menu_order":0,"comment_status":"closed","ping_status":"closed","template":"elementor_header_footer","meta":{"footnotes":""},"class_list":["post-1173","page","type-page","status-publish","hentry"],"yoast_head":"<!-- This site is optimized with the Yoast SEO plugin v27.5 - https:\/\/yoast.com\/product\/yoast-seo-wordpress\/ -->\n<title>Nout\u0103\u021bi - OPEN FIELDS Foundation<\/title>\n<meta name=\"robots\" content=\"index, follow, max-snippet:-1, max-image-preview:large, max-video-preview:-1\" \/>\n<link rel=\"canonical\" href=\"https:\/\/openfields.ro\/ro\/noutati\/\" \/>\n<meta property=\"og:locale\" content=\"ro_RO\" \/>\n<meta property=\"og:type\" content=\"article\" \/>\n<meta property=\"og:title\" content=\"Nout\u0103\u021bi - OPEN FIELDS Foundation\" \/>\n<meta property=\"og:description\" content=\"februarie 10, 2025 10 feb. 2025 Start \u00eenscrieri pre\u0219colari ucrainieni la Gr\u0103dini\u021ba cu program prelungit Camigo 2 str. Ilie M\u0103celaru\" \/>\n<meta property=\"og:url\" content=\"https:\/\/openfields.ro\/ro\/noutati\/\" \/>\n<meta property=\"og:site_name\" content=\"OPEN FIELDS Foundation\" \/>\n<meta property=\"article:publisher\" content=\"https:\/\/www.facebook.com\/OpenFieldsCluj\" \/>\n<meta property=\"article:modified_time\" content=\"2025-02-13T11:15:14+00:00\" \/>\n<meta property=\"og:image\" content=\"https:\/\/openfields.ro\/wp-content\/uploads\/2025\/02\/inscrieri-scoala.jpg\" \/>\n<meta name=\"twitter:card\" content=\"summary_large_image\" \/>\n<meta name=\"twitter:label1\" content=\"Timp estimat pentru citire\" \/>\n\t<meta name=\"twitter:data1\" content=\"2 minute\" \/>\n<script type=\"application\/ld+json\" class=\"yoast-schema-graph\">{\"@context\":\"https:\\\/\\\/schema.org\",\"@graph\":[{\"@type\":\"WebPage\",\"@id\":\"https:\\\/\\\/openfields.ro\\\/ro\\\/noutati\\\/\",\"url\":\"https:\\\/\\\/openfields.ro\\\/ro\\\/noutati\\\/\",\"name\":\"Nout\u0103\u021bi - OPEN FIELDS Foundation\",\"isPartOf\":{\"@id\":\"https:\\\/\\\/openfields.ro\\\/ro\\\/#website\"},\"primaryImageOfPage\":{\"@id\":\"https:\\\/\\\/openfields.ro\\\/ro\\\/noutati\\\/#primaryimage\"},\"image\":{\"@id\":\"https:\\\/\\\/openfields.ro\\\/ro\\\/noutati\\\/#primaryimage\"},\"thumbnailUrl\":\"https:\\\/\\\/openfields.ro\\\/wp-content\\\/uploads\\\/2025\\\/02\\\/inscrieri-scoala.jpg\",\"datePublished\":\"2025-01-09T11:46:37+00:00\",\"dateModified\":\"2025-02-13T11:15:14+00:00\",\"breadcrumb\":{\"@id\":\"https:\\\/\\\/openfields.ro\\\/ro\\\/noutati\\\/#breadcrumb\"},\"inLanguage\":\"ro-RO\",\"potentialAction\":[{\"@type\":\"ReadAction\",\"target\":[\"https:\\\/\\\/openfields.ro\\\/ro\\\/noutati\\\/\"]}]},{\"@type\":\"ImageObject\",\"inLanguage\":\"ro-RO\",\"@id\":\"https:\\\/\\\/openfields.ro\\\/ro\\\/noutati\\\/#primaryimage\",\"url\":\"https:\\\/\\\/openfields.ro\\\/wp-content\\\/uploads\\\/2025\\\/02\\\/inscrieri-scoala.jpg\",\"contentUrl\":\"https:\\\/\\\/openfields.ro\\\/wp-content\\\/uploads\\\/2025\\\/02\\\/inscrieri-scoala.jpg\"},{\"@type\":\"BreadcrumbList\",\"@id\":\"https:\\\/\\\/openfields.ro\\\/ro\\\/noutati\\\/#breadcrumb\",\"itemListElement\":[{\"@type\":\"ListItem\",\"position\":1,\"name\":\"Home\",\"item\":\"https:\\\/\\\/openfields.ro\\\/ro\\\/\"},{\"@type\":\"ListItem\",\"position\":2,\"name\":\"Nout\u0103\u021bi\"}]},{\"@type\":\"WebSite\",\"@id\":\"https:\\\/\\\/openfields.ro\\\/ro\\\/#website\",\"url\":\"https:\\\/\\\/openfields.ro\\\/ro\\\/\",\"name\":\"OPEN FIELDS Foundation\",\"description\":\"Caring for people and the enviroment\",\"publisher\":{\"@id\":\"https:\\\/\\\/openfields.ro\\\/ro\\\/#organization\"},\"alternateName\":\"Fundatia Open Fields\",\"potentialAction\":[{\"@type\":\"SearchAction\",\"target\":{\"@type\":\"EntryPoint\",\"urlTemplate\":\"https:\\\/\\\/openfields.ro\\\/ro\\\/?s={search_term_string}\"},\"query-input\":{\"@type\":\"PropertyValueSpecification\",\"valueRequired\":true,\"valueName\":\"search_term_string\"}}],\"inLanguage\":\"ro-RO\"},{\"@type\":\"Organization\",\"@id\":\"https:\\\/\\\/openfields.ro\\\/ro\\\/#organization\",\"name\":\"OPEN FIELDS Foundation\",\"url\":\"https:\\\/\\\/openfields.ro\\\/ro\\\/\",\"logo\":{\"@type\":\"ImageObject\",\"inLanguage\":\"ro-RO\",\"@id\":\"https:\\\/\\\/openfields.ro\\\/ro\\\/#\\\/schema\\\/logo\\\/image\\\/\",\"url\":\"https:\\\/\\\/openfields.ro\\\/wp-content\\\/uploads\\\/2025\\\/01\\\/Logo-Open-Fields-EN-Positive.png\",\"contentUrl\":\"https:\\\/\\\/openfields.ro\\\/wp-content\\\/uploads\\\/2025\\\/01\\\/Logo-Open-Fields-EN-Positive.png\",\"width\":2260,\"height\":600,\"caption\":\"OPEN FIELDS Foundation\"},\"image\":{\"@id\":\"https:\\\/\\\/openfields.ro\\\/ro\\\/#\\\/schema\\\/logo\\\/image\\\/\"},\"sameAs\":[\"https:\\\/\\\/www.facebook.com\\\/OpenFieldsCluj\",\"https:\\\/\\\/www.instagram.com\\\/fundatiaopenfields\\\/\"]}]}<\/script>\n<!-- \/ Yoast SEO plugin. -->","yoast_head_json":{"title":"Nout\u0103\u021bi - OPEN FIELDS Foundation","robots":{"index":"index","follow":"follow","max-snippet":"max-snippet:-1","max-image-preview":"max-image-preview:large","max-video-preview":"max-video-preview:-1"},"canonical":"https:\/\/openfields.ro\/ro\/noutati\/","og_locale":"ro_RO","og_type":"article","og_title":"Nout\u0103\u021bi - OPEN FIELDS Foundation","og_description":"februarie 10, 2025 10 feb. 2025 Start \u00eenscrieri pre\u0219colari ucrainieni la Gr\u0103dini\u021ba cu program prelungit Camigo 2 str. Ilie M\u0103celaru","og_url":"https:\/\/openfields.ro\/ro\/noutati\/","og_site_name":"OPEN FIELDS Foundation","article_publisher":"https:\/\/www.facebook.com\/OpenFieldsCluj","article_modified_time":"2025-02-13T11:15:14+00:00","og_image":[{"url":"https:\/\/openfields.ro\/wp-content\/uploads\/2025\/02\/inscrieri-scoala.jpg","type":"","width":"","height":""}],"twitter_card":"summary_large_image","twitter_misc":{"Timp estimat pentru citire":"2 minute"},"schema":{"@context":"https:\/\/schema.org","@graph":[{"@type":"WebPage","@id":"https:\/\/openfields.ro\/ro\/noutati\/","url":"https:\/\/openfields.ro\/ro\/noutati\/","name":"Nout\u0103\u021bi - OPEN FIELDS Foundation","isPartOf":{"@id":"https:\/\/openfields.ro\/ro\/#website"},"primaryImageOfPage":{"@id":"https:\/\/openfields.ro\/ro\/noutati\/#primaryimage"},"image":{"@id":"https:\/\/openfields.ro\/ro\/noutati\/#primaryimage"},"thumbnailUrl":"https:\/\/openfields.ro\/wp-content\/uploads\/2025\/02\/inscrieri-scoala.jpg","datePublished":"2025-01-09T11:46:37+00:00","dateModified":"2025-02-13T11:15:14+00:00","breadcrumb":{"@id":"https:\/\/openfields.ro\/ro\/noutati\/#breadcrumb"},"inLanguage":"ro-RO","potentialAction":[{"@type":"ReadAction","target":["https:\/\/openfields.ro\/ro\/noutati\/"]}]},{"@type":"ImageObject","inLanguage":"ro-RO","@id":"https:\/\/openfields.ro\/ro\/noutati\/#primaryimage","url":"https:\/\/openfields.ro\/wp-content\/uploads\/2025\/02\/inscrieri-scoala.jpg","contentUrl":"https:\/\/openfields.ro\/wp-content\/uploads\/2025\/02\/inscrieri-scoala.jpg"},{"@type":"BreadcrumbList","@id":"https:\/\/openfields.ro\/ro\/noutati\/#breadcrumb","itemListElement":[{"@type":"ListItem","position":1,"name":"Home","item":"https:\/\/openfields.ro\/ro\/"},{"@type":"ListItem","position":2,"name":"Nout\u0103\u021bi"}]},{"@type":"WebSite","@id":"https:\/\/openfields.ro\/ro\/#website","url":"https:\/\/openfields.ro\/ro\/","name":"OPEN FIELDS Foundation","description":"Caring for people and the enviroment","publisher":{"@id":"https:\/\/openfields.ro\/ro\/#organization"},"alternateName":"Fundatia Open Fields","potentialAction":[{"@type":"SearchAction","target":{"@type":"EntryPoint","urlTemplate":"https:\/\/openfields.ro\/ro\/?s={search_term_string}"},"query-input":{"@type":"PropertyValueSpecification","valueRequired":true,"valueName":"search_term_string"}}],"inLanguage":"ro-RO"},{"@type":"Organization","@id":"https:\/\/openfields.ro\/ro\/#organization","name":"OPEN FIELDS Foundation","url":"https:\/\/openfields.ro\/ro\/","logo":{"@type":"ImageObject","inLanguage":"ro-RO","@id":"https:\/\/openfields.ro\/ro\/#\/schema\/logo\/image\/","url":"https:\/\/openfields.ro\/wp-content\/uploads\/2025\/01\/Logo-Open-Fields-EN-Positive.png","contentUrl":"https:\/\/openfields.ro\/wp-content\/uploads\/2025\/01\/Logo-Open-Fields-EN-Positive.png","width":2260,"height":600,"caption":"OPEN FIELDS Foundation"},"image":{"@id":"https:\/\/openfields.ro\/ro\/#\/schema\/logo\/image\/"},"sameAs":["https:\/\/www.facebook.com\/OpenFieldsCluj","https:\/\/www.instagram.com\/fundatiaopenfields\/"]}]}},"_links":{"self":[{"href":"https:\/\/openfields.ro\/ro\/wp-json\/wp\/v2\/pages\/1173","targetHints":{"allow":["GET"]}}],"collection":[{"href":"https:\/\/openfields.ro\/ro\/wp-json\/wp\/v2\/pages"}],"about":[{"href":"https:\/\/openfields.ro\/ro\/wp-json\/wp\/v2\/types\/page"}],"author":[{"embeddable":true,"href":"https:\/\/openfields.ro\/ro\/wp-json\/wp\/v2\/users\/1"}],"replies":[{"embeddable":true,"href":"https:\/\/openfields.ro\/ro\/wp-json\/wp\/v2\/comments?post=1173"}],"version-history":[{"count":0,"href":"https:\/\/openfields.ro\/ro\/wp-json\/wp\/v2\/pages\/1173\/revisions"}],"wp:attachment":[{"href":"https:\/\/openfields.ro\/ro\/wp-json\/wp\/v2\/media?parent=1173"}],"curies":[{"name":"wp","href":"https:\/\/api.w.org\/{rel}","templated":true}]}}