{"id":632,"date":"2025-01-12T15:50:37","date_gmt":"2025-01-12T15:50:37","guid":{"rendered":"https:\/\/openfields.ro\/project\/dairy-cows-for-poor-people-from-transylvania\/"},"modified":"2025-10-23T07:57:37","modified_gmt":"2025-10-23T07:57:37","slug":"vaci-de-lapte-pentru-oamenii-nevoiasi-din-transilvania","status":"publish","type":"portfolio","link":"https:\/\/openfields.ro\/ro\/project\/vaci-de-lapte-pentru-oamenii-nevoiasi-din-transilvania\/","title":{"rendered":"Vaci de lapte pentru oamenii nevoia\u0219i din Transilvania"},"content":{"rendered":"\t\t<div data-elementor-type=\"wp-post\" data-elementor-id=\"632\" class=\"elementor elementor-632 elementor-147\">\n\t\t\t\t<div class=\"elementor-element elementor-element-e09af80 wd-section-stretch e-flex e-con-boxed e-con e-parent\" data-id=\"e09af80\" data-element_type=\"container\" data-e-type=\"container\">\n\t\t\t\t\t<div class=\"e-con-inner\">\n\t\t<div class=\"elementor-element elementor-element-2db8fbff e-con-full e-flex e-con e-child\" data-id=\"2db8fbff\" data-element_type=\"container\" data-e-type=\"container\">\n\t\t<div class=\"elementor-element elementor-element-3f0def36 e-con-full e-flex e-con e-child\" data-id=\"3f0def36\" data-element_type=\"container\" data-e-type=\"container\">\n\t\t\t\t<div class=\"elementor-element elementor-element-6aac350c elementor-widget elementor-widget-wd_text_block\" data-id=\"6aac350c\" data-element_type=\"widget\" data-e-type=\"widget\" data-widget_type=\"wd_text_block.default\">\n\t\t\t\t<div class=\"elementor-widget-container\">\n\t\t\t\t\t\t\t<div class=\"wd-text-block reset-last-child text-left\">\n\t\t\t\n\t\t\t<p>Cei mai s\u0103raci locuitori ai mediului rural din Transilvania se confrunt\u0103 cu niveluri ridicate ale \u0219omajului, fgiind angajati in activitati sezoniere, c\u00e2\u0219tig\u00e2nd insuficient pentru a acoperi nevoile de baz\u0103 ale familiilor lor. Pentru comunit\u0103\u021bile vizate prin proiect, venitul lunar mediu pe gospod\u0103rie este de aproximativ 100 de dolari. O treime din familiile din zonele rurale nu au cum s\u0103-\u015fi acopere nevoile lor de baz\u0103, \u0219i unul din opt copii merge la culcare \u00een fiecare seara fl\u0103m\u00e2nd. O mare parte a saracilor din mediul rural apartin comunitatii rome. Conform statisticilor autorit\u0103\u021bilor locale \u0219i a Centrului de Resurse pentru Comunit\u0103\u021bile de Romi, o familie are \u00eentre 5-10 membri.<\/p><p>Cet\u0103\u0163enii de etnie rom\u0103 au acces limitat la serviciile publice \u0219i sunt \u00een mod obi\u0219nuit discrimina\u021bi la toate nivelurile. Stereotipurile negative \u0219i prejudec\u0103\u021bile fa\u021b\u0103 de ace\u015ftia sunt ad\u00e2nc \u00eenr\u0103d\u0103cinate \u00een con\u0219tiin\u021ba public\u0103. Satele vizate \u00een proiect au popula\u021bie mixt\u0103 de romi \u0219i rom\u00e2ni.<\/p>\n\t\t\t\t\t<\/div>\n\t\t\t\t\t\t<\/div>\n\t\t\t\t<\/div>\n\t\t\t\t<\/div>\n\t\t<div class=\"elementor-element elementor-element-68315520 e-con-full e-flex e-con e-child\" data-id=\"68315520\" data-element_type=\"container\" data-e-type=\"container\" data-settings=\"{&quot;background_background&quot;:&quot;classic&quot;}\">\n\t\t\t\t<div class=\"elementor-element elementor-element-3c3ad2e5 wd-width-100 elementor-widget elementor-widget-wd_title\" data-id=\"3c3ad2e5\" data-element_type=\"widget\" data-e-type=\"widget\" data-widget_type=\"wd_title.default\">\n\t\t\t\t<div class=\"elementor-widget-container\">\n\t\t\t\t\t\t\t<div class=\"title-wrapper wd-set-mb reset-last-child wd-title-color-primary wd-title-style-default wd-title-size-default text-left\">\n\n\t\t\t\n\t\t\t<div class=\"liner-continer\">\n\t\t\t\t<h4 class=\"woodmart-title-container title wd-fontsize-l\">ELEMENTE CHEIE DIN PROIECT<\/h4> \n\t\t\t\t\t\t\t<\/div>\n\n\t\t\t\t\t<\/div>\n\t\t\t\t\t\t<\/div>\n\t\t\t\t<\/div>\n\t\t\t\t<div class=\"elementor-element elementor-element-415c988d elementor-widget elementor-widget-wd_list\" data-id=\"415c988d\" data-element_type=\"widget\" data-e-type=\"widget\" data-widget_type=\"wd_list.default\">\n\t\t\t\t<div class=\"elementor-widget-container\">\n\t\t\t\t\t\t\t<ul class=\"wd-list color-scheme- wd-fontsize-s wd-type-without wd-style- text-left wd-design-bordered\">\n\t\t\t\t\t\t\t\t\t\t\t<li class=\"elementor-repeater-item-0464a44\">\n\t\t\t\t\t\n\t\t\t\t\t<span class=\"wd-list-content list-content\">\n\t\t\t\t\t\tIni\u021biat \u00een 2017\t\t\t\t\t<\/span>\n\n\t\t\t\t\t\t\t\t\t<\/li>\n\t\t\t\t\t\t\t\t\t\t\t<li class=\"elementor-repeater-item-c56df29\">\n\t\t\t\t\t\n\t\t\t\t\t<span class=\"wd-list-content list-content\">\n\t\t\t\t\t\tProgram \u00cencheiat\t\t\t\t\t<\/span>\n\n\t\t\t\t\t\t\t\t\t<\/li>\n\t\t\t\t\t\t\t\t\t\t\t<li class=\"elementor-repeater-item-24d4e90\">\n\t\t\t\t\t\n\t\t\t\t\t<span class=\"wd-list-content list-content\">\n\t\t\t\t\t\tBuget Total: 65,000 Eur\t\t\t\t\t<\/span>\n\n\t\t\t\t\t\t\t\t\t<\/li>\n\t\t\t\t\t\t\t\t\t\t\t<li class=\"elementor-repeater-item-81124ff\">\n\t\t\t\t\t\n\t\t\t\t\t<span class=\"wd-list-content list-content\">\n\t\t\t\t\t\tFinan\u021bat de c\u0103tre: Bothar, Ireland & DOW Agrosciences, USA\t\t\t\t\t<\/span>\n\n\t\t\t\t\t\t\t\t\t<\/li>\n\t\t\t\t\t<\/ul>\n\n\t\t\t\t\t\t<\/div>\n\t\t\t\t<\/div>\n\t\t\t\t<\/div>\n\t\t\t\t<\/div>\n\t\t<div class=\"elementor-element elementor-element-495322af e-con-full e-flex e-con e-child\" data-id=\"495322af\" data-element_type=\"container\" data-e-type=\"container\">\n\t\t\t\t<div class=\"elementor-element elementor-element-69fbafed elementor-widget elementor-widget-wd_text_block\" data-id=\"69fbafed\" data-element_type=\"widget\" data-e-type=\"widget\" data-widget_type=\"wd_text_block.default\">\n\t\t\t\t<div class=\"elementor-widget-container\">\n\t\t\t\t\t\t\t<div class=\"wd-text-block reset-last-child text-left\">\n\t\t\t\n\t\t\t<p>\u00a0\u00cen toate aceste loca\u021bii, romii nu sunt implica\u021bi \u00een via\u021ba comunit\u0103\u021bii, astfel \u00eenc\u00e2t prin aceast\u0103 interven\u021bie ne propunem estomparea acestui decalaj social. \u00cencurajarea beneficiarilor spre implicarea \u00een via\u021ba satului \u0219i implicarea familiilor rome \u015fi non-rome \u00een dezvoltarea \u0219i implementarea proiectului reprezint\u0103 o modalitate de a transforma aceast\u0103 provocare \u00eentr-o oportunitate.<\/p><p>Scopul acestui proiect este de a ridica din s\u0103r\u0103cie 180 de familii de romi \u0219i non-romi, care se lupt\u0103 acum s\u0103 pun\u0103 m\u00e2ncare pe mesele lor. Prin dezvoltarea capitalului social \u0219i prin implicarea \u00eentr-o bun\u0103stare prosper\u0103, aceste familii devin modele de sisteme de agricultur\u0103 durabil\u0103 pentru micii proprietari.<\/p>\n\t\t\t\t\t<\/div>\n\t\t\t\t\t\t<\/div>\n\t\t\t\t<\/div>\n\t\t\t\t<\/div>\n\t\t<div class=\"elementor-element elementor-element-7ed1c33c e-con-full e-flex e-con e-child\" data-id=\"7ed1c33c\" data-element_type=\"container\" data-e-type=\"container\">\n\t\t\t\t<div class=\"elementor-element elementor-element-6ded4c83 elementor-widget elementor-widget-wd_image_or_svg\" data-id=\"6ded4c83\" data-element_type=\"widget\" data-e-type=\"widget\" data-widget_type=\"wd_image_or_svg.default\">\n\t\t\t\t<div class=\"elementor-widget-container\">\n\t\t\t\t\t\n\t\t<div class=\"wd-image text-center\">\n\t\t\t\t\t\t\t\t<img fetchpriority=\"high\" decoding=\"async\" width=\"884\" height=\"589\" src=\"https:\/\/openfields.ro\/wp-content\/uploads\/2025\/01\/img_2863-8_web-u37315-fr.jpg\" class=\"attachment-1200x600 size-1200x600\" alt=\"\" srcset=\"https:\/\/openfields.ro\/wp-content\/uploads\/2025\/01\/img_2863-8_web-u37315-fr.jpg 884w, https:\/\/openfields.ro\/wp-content\/uploads\/2025\/01\/img_2863-8_web-u37315-fr-300x200.jpg 300w, https:\/\/openfields.ro\/wp-content\/uploads\/2025\/01\/img_2863-8_web-u37315-fr-768x512.jpg 768w, https:\/\/openfields.ro\/wp-content\/uploads\/2025\/01\/img_2863-8_web-u37315-fr-600x400.jpg 600w, https:\/\/openfields.ro\/wp-content\/uploads\/2025\/01\/img_2863-8_web-u37315-fr-150x100.jpg 150w\" sizes=\"(max-width: 884px) 100vw, 884px\" \/>\t\t\t\t\t<\/div>\n\n\t\t\t\t\t\t<\/div>\n\t\t\t\t<\/div>\n\t\t\t\t<\/div>\n\t\t<div class=\"elementor-element elementor-element-b5e83c0 e-con-full e-flex e-con e-child\" data-id=\"b5e83c0\" data-element_type=\"container\" data-e-type=\"container\">\n\t\t\t\t<div class=\"elementor-element elementor-element-3f801c4 elementor-widget elementor-widget-wd_text_block\" data-id=\"3f801c4\" data-element_type=\"widget\" data-e-type=\"widget\" data-widget_type=\"wd_text_block.default\">\n\t\t\t\t<div class=\"elementor-widget-container\">\n\t\t\t\t\t\t\t<div class=\"wd-text-block reset-last-child text-left\">\n\t\t\t\n\t\t\t<p>Proiectul profit\u0103 de condi\u021biile bune de cre\u0219tere a animalelor locale \u0219i de oportunit\u0103\u021bile de accesare a pie\u021bei \u0219i creeaz\u0103 un model pentru de\u021bin\u0103torii s\u0103raci gener\u00e2nd venituri mici. Cu sprijinul organiza\u0163iei B\u00f3thar din Irlanda \u015fi DOW Agro Science, se doneaza 180 de juninci de lapte, de ras\u0103 Holstein Friesian la 180 de familii s\u0103race din c\u00e2teva sate nevoia\u0219e din Transilvania.<\/p>\n\t\t\t\t\t<\/div>\n\t\t\t\t\t\t<\/div>\n\t\t\t\t<\/div>\n\t\t\t\t<\/div>\n\t\t<div class=\"elementor-element elementor-element-3d55d424 e-con-full e-flex e-con e-child\" data-id=\"3d55d424\" data-element_type=\"container\" data-e-type=\"container\">\n\t\t\t\t<div class=\"elementor-element elementor-element-a42bde3 elementor-widget__width-initial elementor-widget elementor-widget-wd_text_block\" data-id=\"a42bde3\" data-element_type=\"widget\" data-e-type=\"widget\" data-widget_type=\"wd_text_block.default\">\n\t\t\t\t<div class=\"elementor-widget-container\">\n\t\t\t\t\t\t\t<div class=\"wd-text-block reset-last-child text-left\">\n\t\t\t\n\t\t\t<p>Primirea unei vaci rezolv\u0103 problema nutri\u021biei pentru familie, genereaz\u0103 un venit prin v\u00e2nzarea de surplusului de lapte \u0219i confer\u0103 familiei o ocupa\u021bie \u0219i stim\u0103 de sine. Funda\u021bia Open Fields va preg\u0103ti comunitatea \u0219i va selecta primii destinatari pe baza unui set de criterii transparente.<\/p><p>\u00cempreun\u0103 cu vacu\u0163ele propriu-zise oferim consultan\u0163\u0103 \u015fi cursuri de formare \u00een domeniul cre\u0219terii animalelor \u0219i al agriculturii. Proiectul este deschis pentru oricine, dar va servi \u00een primul r\u00e2nd celor mai s\u0103raci \u0219i cei mai marginaliza\u021bi membri ai comunit\u0103\u021bii.<\/p><p>Conceptul cheie al proiectului este acela c\u0103 fiecare beneficiar trebuie s\u0103 transmit\u0103 unei alte familii nevoia\u015fe prima vi\u0163ic\u0103 f\u0103tat\u0103. Aceast\u0103 practic\u0103 asigur\u0103 c\u0103 fiecare participant la program devine donator, astfel cresc\u00e2ndu-\u015fi stima de sine \u0219i implicarea \u00een proiect.<\/p><p>Pasarea darului ajut\u0103 comunit\u0103\u021bile s\u0103 devin\u0103 auto-sustenabile.<\/p>\n\t\t\t\t\t<\/div>\n\t\t\t\t\t\t<\/div>\n\t\t\t\t<\/div>\n\t\t\t\t<div class=\"elementor-element elementor-element-510beae elementor-widget elementor-widget-wd_image_or_svg\" data-id=\"510beae\" data-element_type=\"widget\" data-e-type=\"widget\" data-widget_type=\"wd_image_or_svg.default\">\n\t\t\t\t<div class=\"elementor-widget-container\">\n\t\t\t\t\t\n\t\t<div class=\"wd-image text-left\">\n\t\t\t\t\t\t\t\t<img decoding=\"async\" width=\"607\" height=\"405\" src=\"https:\/\/openfields.ro\/wp-content\/uploads\/2025\/01\/img_2830-2-4-u37295-fr.jpg\" class=\"attachment-full size-full\" alt=\"\" srcset=\"https:\/\/openfields.ro\/wp-content\/uploads\/2025\/01\/img_2830-2-4-u37295-fr.jpg 607w, https:\/\/openfields.ro\/wp-content\/uploads\/2025\/01\/img_2830-2-4-u37295-fr-300x200.jpg 300w, https:\/\/openfields.ro\/wp-content\/uploads\/2025\/01\/img_2830-2-4-u37295-fr-600x400.jpg 600w, https:\/\/openfields.ro\/wp-content\/uploads\/2025\/01\/img_2830-2-4-u37295-fr-150x100.jpg 150w\" sizes=\"(max-width: 607px) 100vw, 607px\" \/>\t\t\t\t\t<\/div>\n\n\t\t\t\t\t\t<\/div>\n\t\t\t\t<\/div>\n\t\t\t\t<\/div>\n\t\t\t\t\t<\/div>\n\t\t\t\t<\/div>\n\t\t\t\t<\/div>\n\t\t","protected":false},"excerpt":{"rendered":"<p>Cei mai s\u0103raci locuitori ai mediului rural din Transilvania se confrunt\u0103 cu niveluri ridicate ale \u0219omajului, fgiind angajati in activitati<\/p>\n","protected":false},"featured_media":2845,"menu_order":0,"comment_status":"open","ping_status":"closed","template":"","project-cat":[31,34],"class_list":["post-632","portfolio","type-portfolio","status-publish","has-post-thumbnail","hentry","project-cat-proiecte-incheiate-open-fields","project-cat-social-ro"],"yoast_head":"<!-- This site is optimized with the Yoast SEO plugin v27.4 - https:\/\/yoast.com\/product\/yoast-seo-wordpress\/ -->\n<title>Vaci de lapte pentru oamenii nevoia\u0219i din Transilvania - OPEN FIELDS Foundation<\/title>\n<meta name=\"robots\" content=\"index, follow, max-snippet:-1, max-image-preview:large, max-video-preview:-1\" \/>\n<link rel=\"canonical\" href=\"https:\/\/openfields.ro\/ro\/project\/vaci-de-lapte-pentru-oamenii-nevoiasi-din-transilvania\/\" \/>\n<meta property=\"og:locale\" content=\"ro_RO\" \/>\n<meta property=\"og:type\" content=\"article\" \/>\n<meta property=\"og:title\" content=\"Vaci de lapte pentru oamenii nevoia\u0219i din Transilvania - OPEN FIELDS Foundation\" \/>\n<meta property=\"og:description\" content=\"Cei mai s\u0103raci locuitori ai mediului rural din Transilvania se confrunt\u0103 cu niveluri ridicate ale \u0219omajului, fgiind angajati in activitati\" \/>\n<meta property=\"og:url\" content=\"https:\/\/openfields.ro\/ro\/project\/vaci-de-lapte-pentru-oamenii-nevoiasi-din-transilvania\/\" \/>\n<meta property=\"og:site_name\" content=\"OPEN FIELDS Foundation\" \/>\n<meta property=\"article:publisher\" content=\"https:\/\/www.facebook.com\/OpenFieldsCluj\" \/>\n<meta property=\"article:modified_time\" content=\"2025-10-23T07:57:37+00:00\" \/>\n<meta property=\"og:image\" content=\"https:\/\/openfields.ro\/wp-content\/uploads\/2025\/01\/dairy-cows.jpg\" \/>\n\t<meta property=\"og:image:width\" content=\"806\" \/>\n\t<meta property=\"og:image:height\" content=\"536\" \/>\n\t<meta property=\"og:image:type\" content=\"image\/jpeg\" \/>\n<meta name=\"twitter:card\" content=\"summary_large_image\" \/>\n<meta name=\"twitter:label1\" content=\"Timp estimat pentru citire\" \/>\n\t<meta name=\"twitter:data1\" content=\"3 minute\" \/>\n<script type=\"application\/ld+json\" class=\"yoast-schema-graph\">{\"@context\":\"https:\\\/\\\/schema.org\",\"@graph\":[{\"@type\":\"WebPage\",\"@id\":\"https:\\\/\\\/openfields.ro\\\/ro\\\/project\\\/vaci-de-lapte-pentru-oamenii-nevoiasi-din-transilvania\\\/\",\"url\":\"https:\\\/\\\/openfields.ro\\\/ro\\\/project\\\/vaci-de-lapte-pentru-oamenii-nevoiasi-din-transilvania\\\/\",\"name\":\"Vaci de lapte pentru oamenii nevoia\u0219i din Transilvania - OPEN FIELDS Foundation\",\"isPartOf\":{\"@id\":\"https:\\\/\\\/openfields.ro\\\/ro\\\/#website\"},\"primaryImageOfPage\":{\"@id\":\"https:\\\/\\\/openfields.ro\\\/ro\\\/project\\\/vaci-de-lapte-pentru-oamenii-nevoiasi-din-transilvania\\\/#primaryimage\"},\"image\":{\"@id\":\"https:\\\/\\\/openfields.ro\\\/ro\\\/project\\\/vaci-de-lapte-pentru-oamenii-nevoiasi-din-transilvania\\\/#primaryimage\"},\"thumbnailUrl\":\"https:\\\/\\\/openfields.ro\\\/wp-content\\\/uploads\\\/2025\\\/01\\\/dairy-cows.jpg\",\"datePublished\":\"2025-01-12T15:50:37+00:00\",\"dateModified\":\"2025-10-23T07:57:37+00:00\",\"breadcrumb\":{\"@id\":\"https:\\\/\\\/openfields.ro\\\/ro\\\/project\\\/vaci-de-lapte-pentru-oamenii-nevoiasi-din-transilvania\\\/#breadcrumb\"},\"inLanguage\":\"ro-RO\",\"potentialAction\":[{\"@type\":\"ReadAction\",\"target\":[\"https:\\\/\\\/openfields.ro\\\/ro\\\/project\\\/vaci-de-lapte-pentru-oamenii-nevoiasi-din-transilvania\\\/\"]}]},{\"@type\":\"ImageObject\",\"inLanguage\":\"ro-RO\",\"@id\":\"https:\\\/\\\/openfields.ro\\\/ro\\\/project\\\/vaci-de-lapte-pentru-oamenii-nevoiasi-din-transilvania\\\/#primaryimage\",\"url\":\"https:\\\/\\\/openfields.ro\\\/wp-content\\\/uploads\\\/2025\\\/01\\\/dairy-cows.jpg\",\"contentUrl\":\"https:\\\/\\\/openfields.ro\\\/wp-content\\\/uploads\\\/2025\\\/01\\\/dairy-cows.jpg\",\"width\":806,\"height\":536},{\"@type\":\"BreadcrumbList\",\"@id\":\"https:\\\/\\\/openfields.ro\\\/ro\\\/project\\\/vaci-de-lapte-pentru-oamenii-nevoiasi-din-transilvania\\\/#breadcrumb\",\"itemListElement\":[{\"@type\":\"ListItem\",\"position\":1,\"name\":\"Home\",\"item\":\"https:\\\/\\\/openfields.ro\\\/ro\\\/\"},{\"@type\":\"ListItem\",\"position\":2,\"name\":\"Portfolio\",\"item\":\"https:\\\/\\\/openfields.ro\\\/ro\\\/project\\\/\"},{\"@type\":\"ListItem\",\"position\":3,\"name\":\"Vaci de lapte pentru oamenii nevoia\u0219i din Transilvania\"}]},{\"@type\":\"WebSite\",\"@id\":\"https:\\\/\\\/openfields.ro\\\/ro\\\/#website\",\"url\":\"https:\\\/\\\/openfields.ro\\\/ro\\\/\",\"name\":\"OPEN FIELDS Foundation\",\"description\":\"Caring for people and the enviroment\",\"publisher\":{\"@id\":\"https:\\\/\\\/openfields.ro\\\/ro\\\/#organization\"},\"alternateName\":\"Fundatia Open Fields\",\"potentialAction\":[{\"@type\":\"SearchAction\",\"target\":{\"@type\":\"EntryPoint\",\"urlTemplate\":\"https:\\\/\\\/openfields.ro\\\/ro\\\/?s={search_term_string}\"},\"query-input\":{\"@type\":\"PropertyValueSpecification\",\"valueRequired\":true,\"valueName\":\"search_term_string\"}}],\"inLanguage\":\"ro-RO\"},{\"@type\":\"Organization\",\"@id\":\"https:\\\/\\\/openfields.ro\\\/ro\\\/#organization\",\"name\":\"OPEN FIELDS Foundation\",\"url\":\"https:\\\/\\\/openfields.ro\\\/ro\\\/\",\"logo\":{\"@type\":\"ImageObject\",\"inLanguage\":\"ro-RO\",\"@id\":\"https:\\\/\\\/openfields.ro\\\/ro\\\/#\\\/schema\\\/logo\\\/image\\\/\",\"url\":\"https:\\\/\\\/openfields.ro\\\/wp-content\\\/uploads\\\/2025\\\/01\\\/Logo-Open-Fields-EN-Positive.png\",\"contentUrl\":\"https:\\\/\\\/openfields.ro\\\/wp-content\\\/uploads\\\/2025\\\/01\\\/Logo-Open-Fields-EN-Positive.png\",\"width\":2260,\"height\":600,\"caption\":\"OPEN FIELDS Foundation\"},\"image\":{\"@id\":\"https:\\\/\\\/openfields.ro\\\/ro\\\/#\\\/schema\\\/logo\\\/image\\\/\"},\"sameAs\":[\"https:\\\/\\\/www.facebook.com\\\/OpenFieldsCluj\",\"https:\\\/\\\/www.instagram.com\\\/fundatiaopenfields\\\/\"]}]}<\/script>\n<!-- \/ Yoast SEO plugin. -->","yoast_head_json":{"title":"Vaci de lapte pentru oamenii nevoia\u0219i din Transilvania - OPEN FIELDS Foundation","robots":{"index":"index","follow":"follow","max-snippet":"max-snippet:-1","max-image-preview":"max-image-preview:large","max-video-preview":"max-video-preview:-1"},"canonical":"https:\/\/openfields.ro\/ro\/project\/vaci-de-lapte-pentru-oamenii-nevoiasi-din-transilvania\/","og_locale":"ro_RO","og_type":"article","og_title":"Vaci de lapte pentru oamenii nevoia\u0219i din Transilvania - OPEN FIELDS Foundation","og_description":"Cei mai s\u0103raci locuitori ai mediului rural din Transilvania se confrunt\u0103 cu niveluri ridicate ale \u0219omajului, fgiind angajati in activitati","og_url":"https:\/\/openfields.ro\/ro\/project\/vaci-de-lapte-pentru-oamenii-nevoiasi-din-transilvania\/","og_site_name":"OPEN FIELDS Foundation","article_publisher":"https:\/\/www.facebook.com\/OpenFieldsCluj","article_modified_time":"2025-10-23T07:57:37+00:00","og_image":[{"width":806,"height":536,"url":"https:\/\/openfields.ro\/wp-content\/uploads\/2025\/01\/dairy-cows.jpg","type":"image\/jpeg"}],"twitter_card":"summary_large_image","twitter_misc":{"Timp estimat pentru citire":"3 minute"},"schema":{"@context":"https:\/\/schema.org","@graph":[{"@type":"WebPage","@id":"https:\/\/openfields.ro\/ro\/project\/vaci-de-lapte-pentru-oamenii-nevoiasi-din-transilvania\/","url":"https:\/\/openfields.ro\/ro\/project\/vaci-de-lapte-pentru-oamenii-nevoiasi-din-transilvania\/","name":"Vaci de lapte pentru oamenii nevoia\u0219i din Transilvania - OPEN FIELDS Foundation","isPartOf":{"@id":"https:\/\/openfields.ro\/ro\/#website"},"primaryImageOfPage":{"@id":"https:\/\/openfields.ro\/ro\/project\/vaci-de-lapte-pentru-oamenii-nevoiasi-din-transilvania\/#primaryimage"},"image":{"@id":"https:\/\/openfields.ro\/ro\/project\/vaci-de-lapte-pentru-oamenii-nevoiasi-din-transilvania\/#primaryimage"},"thumbnailUrl":"https:\/\/openfields.ro\/wp-content\/uploads\/2025\/01\/dairy-cows.jpg","datePublished":"2025-01-12T15:50:37+00:00","dateModified":"2025-10-23T07:57:37+00:00","breadcrumb":{"@id":"https:\/\/openfields.ro\/ro\/project\/vaci-de-lapte-pentru-oamenii-nevoiasi-din-transilvania\/#breadcrumb"},"inLanguage":"ro-RO","potentialAction":[{"@type":"ReadAction","target":["https:\/\/openfields.ro\/ro\/project\/vaci-de-lapte-pentru-oamenii-nevoiasi-din-transilvania\/"]}]},{"@type":"ImageObject","inLanguage":"ro-RO","@id":"https:\/\/openfields.ro\/ro\/project\/vaci-de-lapte-pentru-oamenii-nevoiasi-din-transilvania\/#primaryimage","url":"https:\/\/openfields.ro\/wp-content\/uploads\/2025\/01\/dairy-cows.jpg","contentUrl":"https:\/\/openfields.ro\/wp-content\/uploads\/2025\/01\/dairy-cows.jpg","width":806,"height":536},{"@type":"BreadcrumbList","@id":"https:\/\/openfields.ro\/ro\/project\/vaci-de-lapte-pentru-oamenii-nevoiasi-din-transilvania\/#breadcrumb","itemListElement":[{"@type":"ListItem","position":1,"name":"Home","item":"https:\/\/openfields.ro\/ro\/"},{"@type":"ListItem","position":2,"name":"Portfolio","item":"https:\/\/openfields.ro\/ro\/project\/"},{"@type":"ListItem","position":3,"name":"Vaci de lapte pentru oamenii nevoia\u0219i din Transilvania"}]},{"@type":"WebSite","@id":"https:\/\/openfields.ro\/ro\/#website","url":"https:\/\/openfields.ro\/ro\/","name":"OPEN FIELDS Foundation","description":"Caring for people and the enviroment","publisher":{"@id":"https:\/\/openfields.ro\/ro\/#organization"},"alternateName":"Fundatia Open Fields","potentialAction":[{"@type":"SearchAction","target":{"@type":"EntryPoint","urlTemplate":"https:\/\/openfields.ro\/ro\/?s={search_term_string}"},"query-input":{"@type":"PropertyValueSpecification","valueRequired":true,"valueName":"search_term_string"}}],"inLanguage":"ro-RO"},{"@type":"Organization","@id":"https:\/\/openfields.ro\/ro\/#organization","name":"OPEN FIELDS Foundation","url":"https:\/\/openfields.ro\/ro\/","logo":{"@type":"ImageObject","inLanguage":"ro-RO","@id":"https:\/\/openfields.ro\/ro\/#\/schema\/logo\/image\/","url":"https:\/\/openfields.ro\/wp-content\/uploads\/2025\/01\/Logo-Open-Fields-EN-Positive.png","contentUrl":"https:\/\/openfields.ro\/wp-content\/uploads\/2025\/01\/Logo-Open-Fields-EN-Positive.png","width":2260,"height":600,"caption":"OPEN FIELDS Foundation"},"image":{"@id":"https:\/\/openfields.ro\/ro\/#\/schema\/logo\/image\/"},"sameAs":["https:\/\/www.facebook.com\/OpenFieldsCluj","https:\/\/www.instagram.com\/fundatiaopenfields\/"]}]}},"_links":{"self":[{"href":"https:\/\/openfields.ro\/ro\/wp-json\/wp\/v2\/portfolio\/632","targetHints":{"allow":["GET"]}}],"collection":[{"href":"https:\/\/openfields.ro\/ro\/wp-json\/wp\/v2\/portfolio"}],"about":[{"href":"https:\/\/openfields.ro\/ro\/wp-json\/wp\/v2\/types\/portfolio"}],"replies":[{"embeddable":true,"href":"https:\/\/openfields.ro\/ro\/wp-json\/wp\/v2\/comments?post=632"}],"version-history":[{"count":0,"href":"https:\/\/openfields.ro\/ro\/wp-json\/wp\/v2\/portfolio\/632\/revisions"}],"wp:featuredmedia":[{"embeddable":true,"href":"https:\/\/openfields.ro\/ro\/wp-json\/wp\/v2\/media\/2845"}],"wp:attachment":[{"href":"https:\/\/openfields.ro\/ro\/wp-json\/wp\/v2\/media?parent=632"}],"wp:term":[{"taxonomy":"project-cat","embeddable":true,"href":"https:\/\/openfields.ro\/ro\/wp-json\/wp\/v2\/project-cat?post=632"}],"curies":[{"name":"wp","href":"https:\/\/api.w.org\/{rel}","templated":true}]}}